{"id":56429,"date":"2022-12-14T09:53:29","date_gmt":"2022-12-14T08:53:29","guid":{"rendered":"http:\/\/lespresdeugenie.com\/the-history\/"},"modified":"2025-06-25T16:00:22","modified_gmt":"2025-06-25T14:00:22","slug":"the-history","status":"publish","type":"page","link":"https:\/\/lespresdeugenie.com\/en\/the-history\/","title":{"rendered":"The History"},"content":{"rendered":"\n<div class=\"wp-block-cover is-light has-custom-content-position is-position-bottom-center\" style=\"min-height:80vh;aspect-ratio:unset;\"><span aria-hidden=\"true\" class=\"wp-block-cover__background has-background-dim-20 has-background-dim\" style=\"background-color:#8f8f8f\"><\/span><img decoding=\"async\" width=\"2000\" height=\"1259\" src=\"https:\/\/lespresdeugenie.com\/wp-content\/uploads\/2018\/10\/presdeugenie_histoire_1961.jpg\" class=\"wp-block-cover__image-background wp-post-image\" alt=\"\" data-object-fit=\"cover\" srcset=\"https:\/\/lespresdeugenie.com\/wp-content\/uploads\/2018\/10\/presdeugenie_histoire_1961.jpg 2000w, https:\/\/lespresdeugenie.com\/wp-content\/uploads\/2018\/10\/presdeugenie_histoire_1961-300x189.jpg 300w, https:\/\/lespresdeugenie.com\/wp-content\/uploads\/2018\/10\/presdeugenie_histoire_1961-768x483.jpg 768w, https:\/\/lespresdeugenie.com\/wp-content\/uploads\/2018\/10\/presdeugenie_histoire_1961-1024x645.jpg 1024w, https:\/\/lespresdeugenie.com\/wp-content\/uploads\/2018\/10\/presdeugenie_histoire_1961-1000x630.jpg 1000w, https:\/\/lespresdeugenie.com\/wp-content\/uploads\/2018\/10\/presdeugenie_histoire_1961-100x63.jpg 100w\" sizes=\"(max-width: 2000px) 100vw, 2000px\" \/><div class=\"wp-block-cover__inner-container is-layout-flow wp-block-cover-is-layout-flow\">\n<div class=\"wp-block-group has-white-background-color has-background is-layout-constrained wp-block-group-is-layout-constrained\">\n<h1 class=\"wp-block-heading has-text-align-center has-black-color has-text-color\">Our Story<\/h1>\n<\/div>\n<\/div><\/div>\n\n\n\n<div class=\"wp-block-group stories has-grey-to-white-gradient-background has-background is-layout-constrained wp-block-group-is-layout-constrained\">\n<div class=\"wp-block-group story is-layout-constrained wp-block-group-is-layout-constrained\">\n<div class=\"wp-block-group card is-layout-constrained wp-block-group-is-layout-constrained\">\n<div class=\"wp-block-group is-nowrap is-layout-flex wp-container-core-group-is-layout-6c531013 wp-block-group-is-layout-flex\">\n<div class=\"wp-block-group is-layout-constrained wp-block-group-is-layout-constrained\">\n<p class=\"has-black-color has-text-color has-engebrechtre-font-family has-extra-large-font-size\">1861<\/p>\n\n\n\n<p class=\"has-black-color has-text-color\">Eug\u00e9nie\u2019s History originates in 1861, when <strong>Empress Eug\u00e9nie, the wife of Napoleon III decided to grant her sponsorship to this small thermal station<\/strong> in the outskirts of the Landes and B\u00e9arn regions. A few years before, she had sojourned there for a stopover on her way to her summer quarters in Biarritz.<\/p>\n<\/div>\n\n\n\n<figure class=\"wp-block-image size-full\"><img decoding=\"async\" width=\"598\" height=\"800\" src=\"https:\/\/lespresdeugenie.com\/wp-content\/uploads\/2024\/02\/imperatrice-eugenie_romantique.jpg\" alt=\"\" class=\"wp-image-75753\" srcset=\"https:\/\/lespresdeugenie.com\/wp-content\/uploads\/2024\/02\/imperatrice-eugenie_romantique.jpg 598w, https:\/\/lespresdeugenie.com\/wp-content\/uploads\/2024\/02\/imperatrice-eugenie_romantique-224x300.jpg 224w\" sizes=\"(max-width: 598px) 100vw, 598px\" \/><\/figure>\n<\/div>\n<\/div>\n<\/div>\n\n\n\n<div class=\"wp-block-group story is-layout-constrained wp-block-group-is-layout-constrained\">\n<div class=\"wp-block-group card is-layout-constrained wp-block-group-is-layout-constrained\">\n<div class=\"wp-block-group is-nowrap is-layout-flex wp-container-core-group-is-layout-6c531013 wp-block-group-is-layout-flex\">\n<figure class=\"wp-block-image size-large\"><img decoding=\"async\" width=\"1209\" height=\"1208\" src=\"https:\/\/lespresdeugenie.com\/wp-content\/uploads\/2024\/02\/presdeugenie_histoire_1961-edited-1.jpg\" alt=\"\" class=\"wp-image-75938\" srcset=\"https:\/\/lespresdeugenie.com\/wp-content\/uploads\/2024\/02\/presdeugenie_histoire_1961-edited-1.jpg 1209w, https:\/\/lespresdeugenie.com\/wp-content\/uploads\/2024\/02\/presdeugenie_histoire_1961-edited-1-300x300.jpg 300w, https:\/\/lespresdeugenie.com\/wp-content\/uploads\/2024\/02\/presdeugenie_histoire_1961-edited-1-1024x1024.jpg 1024w, https:\/\/lespresdeugenie.com\/wp-content\/uploads\/2024\/02\/presdeugenie_histoire_1961-edited-1-150x150.jpg 150w, https:\/\/lespresdeugenie.com\/wp-content\/uploads\/2024\/02\/presdeugenie_histoire_1961-edited-1-768x767.jpg 768w, https:\/\/lespresdeugenie.com\/wp-content\/uploads\/2024\/02\/presdeugenie_histoire_1961-edited-1-600x600.jpg 600w, https:\/\/lespresdeugenie.com\/wp-content\/uploads\/2024\/02\/presdeugenie_histoire_1961-edited-1-1000x999.jpg 1000w, https:\/\/lespresdeugenie.com\/wp-content\/uploads\/2024\/02\/presdeugenie_histoire_1961-edited-1-100x100.jpg 100w\" sizes=\"(max-width: 1209px) 100vw, 1209px\" \/><\/figure>\n\n\n\n<div class=\"wp-block-group is-layout-constrained wp-block-group-is-layout-constrained\">\n<p class=\"has-black-color has-text-color has-engebrechtre-font-family has-extra-large-font-size\">1961<\/p>\n\n\n\n<p class=\"has-black-color has-text-color\">For the first half of the XXth century, the place fell into a gentle slumber ; Eug\u00e9nie\u2019s adventure started all over again in 1961 when Adrien Barth\u00e9l\u00e9my, <strong>the father of Christine Gu\u00e9rard, fell in love with the century-old trees of the Parc and decided to buy the thermal domain<\/strong> and the hotels adjacent to it.<\/p>\n<\/div>\n<\/div>\n<\/div>\n<\/div>\n\n\n\n<div class=\"wp-block-group story is-layout-constrained wp-block-group-is-layout-constrained\">\n<div class=\"wp-block-group card is-layout-constrained wp-block-group-is-layout-constrained\">\n<div class=\"wp-block-group is-nowrap is-layout-flex wp-container-core-group-is-layout-6c531013 wp-block-group-is-layout-flex\">\n<div class=\"wp-block-group is-layout-constrained wp-block-group-is-layout-constrained\">\n<p class=\"has-black-color has-text-color has-engebrechtre-font-family has-extra-large-font-size\">1967<\/p>\n\n\n\n<p class=\"has-black-color has-text-color\"><strong>Christine &#8211; aged 22 &#8211; took over the property in 1967, on her return from Mexico<\/strong>. Inspired by the history and rural beauty of the buildings, she undertook renovations and relaunched the hotel. Her unrivalled sense of style and staging was honed, and soon the &#8220;Eugenie&#8221; spirit was making its first appearance.<\/p>\n<\/div>\n\n\n\n<figure class=\"wp-block-image size-full\"><img decoding=\"async\" width=\"600\" height=\"600\" src=\"https:\/\/lespresdeugenie.com\/wp-content\/uploads\/2024\/02\/Vignettes_LPDE_salon-glaces_vintage.jpg\" alt=\"\" class=\"wp-image-75962\" srcset=\"https:\/\/lespresdeugenie.com\/wp-content\/uploads\/2024\/02\/Vignettes_LPDE_salon-glaces_vintage.jpg 600w, https:\/\/lespresdeugenie.com\/wp-content\/uploads\/2024\/02\/Vignettes_LPDE_salon-glaces_vintage-300x300.jpg 300w, https:\/\/lespresdeugenie.com\/wp-content\/uploads\/2024\/02\/Vignettes_LPDE_salon-glaces_vintage-150x150.jpg 150w, https:\/\/lespresdeugenie.com\/wp-content\/uploads\/2024\/02\/Vignettes_LPDE_salon-glaces_vintage-100x100.jpg 100w\" sizes=\"(max-width: 600px) 100vw, 600px\" \/><\/figure>\n<\/div>\n<\/div>\n<\/div>\n\n\n\n<div class=\"wp-block-group story is-layout-constrained wp-block-group-is-layout-constrained\">\n<div class=\"wp-block-group card is-layout-constrained wp-block-group-is-layout-constrained\">\n<div class=\"wp-block-group is-nowrap is-layout-flex wp-container-core-group-is-layout-6c531013 wp-block-group-is-layout-flex\">\n<div class=\"wp-block-group is-layout-constrained wp-block-group-is-layout-constrained\">\n<p class=\"has-black-color has-text-color has-engebrechtre-font-family has-extra-large-font-size\">1969<\/p>\n\n\n\n<p class=\"has-black-color has-text-color\"><strong>Le Grand H\u00f4tel, as we were then known<\/strong>, joined the young Relais de Campagne association, the forerunner of today&#8217;s famous Relais &amp; Ch\u00e2teaux. Our membership at the end of the sixties makes us <strong>one of the oldest Relais &amp; Ch\u00e2teaux members <\/strong>#proudmember.<\/p>\n<\/div>\n\n\n\n<figure class=\"wp-block-image size-full\"><img decoding=\"async\" width=\"600\" height=\"600\" src=\"https:\/\/lespresdeugenie.com\/wp-content\/uploads\/2024\/02\/Vignettes_LPDE_vintage01.jpg\" alt=\"\" class=\"wp-image-75630\" srcset=\"https:\/\/lespresdeugenie.com\/wp-content\/uploads\/2024\/02\/Vignettes_LPDE_vintage01.jpg 600w, https:\/\/lespresdeugenie.com\/wp-content\/uploads\/2024\/02\/Vignettes_LPDE_vintage01-300x300.jpg 300w, https:\/\/lespresdeugenie.com\/wp-content\/uploads\/2024\/02\/Vignettes_LPDE_vintage01-150x150.jpg 150w, https:\/\/lespresdeugenie.com\/wp-content\/uploads\/2024\/02\/Vignettes_LPDE_vintage01-100x100.jpg 100w\" sizes=\"(max-width: 600px) 100vw, 600px\" \/><\/figure>\n<\/div>\n<\/div>\n<\/div>\n\n\n\n<div class=\"wp-block-group story is-layout-constrained wp-block-group-is-layout-constrained\">\n<div class=\"wp-block-group card is-layout-constrained wp-block-group-is-layout-constrained\">\n<div class=\"wp-block-group is-nowrap is-layout-flex wp-container-core-group-is-layout-6c531013 wp-block-group-is-layout-flex\">\n<figure class=\"wp-block-image size-full\"><img decoding=\"async\" width=\"650\" height=\"1000\" src=\"https:\/\/lespresdeugenie.com\/wp-content\/uploads\/2018\/10\/eugenie-michel-christine-guerard-nouvelle-cuisine.jpg\" alt=\"\" class=\"wp-image-1940\" srcset=\"https:\/\/lespresdeugenie.com\/wp-content\/uploads\/2018\/10\/eugenie-michel-christine-guerard-nouvelle-cuisine.jpg 650w, https:\/\/lespresdeugenie.com\/wp-content\/uploads\/2018\/10\/eugenie-michel-christine-guerard-nouvelle-cuisine-195x300.jpg 195w, https:\/\/lespresdeugenie.com\/wp-content\/uploads\/2018\/10\/eugenie-michel-christine-guerard-nouvelle-cuisine-100x154.jpg 100w\" sizes=\"(max-width: 650px) 100vw, 650px\" \/><\/figure>\n\n\n\n<div class=\"wp-block-group is-layout-constrained wp-block-group-is-layout-constrained\">\n<p class=\"has-black-color has-text-color has-engebrechtre-font-family has-extra-large-font-size\">1972<\/p>\n\n\n\n<p>In 1972, destiny once again bent down on Eug\u00e9nie&#8217;s cradle, <strong>when Christine met her future husband, Michel Gu\u00e9rard,<\/strong> then a young chef in Asni\u00e8res-sur-Seine, and one of the founders of what would later be known as Nouvelle Cuisine.<br>From this shared love at first sight came &#8220;great things&#8221;, including two daughters &#8211; El\u00e9onore, in 1983 and Adeline, in 1986 &#8211; and a vineyard, in 1984.<\/p>\n<\/div>\n<\/div>\n<\/div>\n<\/div>\n\n\n\n<div class=\"wp-block-group story is-layout-constrained wp-block-group-is-layout-constrained\">\n<div class=\"wp-block-group card is-layout-constrained wp-block-group-is-layout-constrained\">\n<div class=\"wp-block-group is-nowrap is-layout-flex wp-container-core-group-is-layout-6c531013 wp-block-group-is-layout-flex\">\n<figure class=\"wp-block-image size-large\"><img decoding=\"async\" width=\"791\" height=\"1024\" src=\"https:\/\/lespresdeugenie.com\/wp-content\/uploads\/2024\/02\/Vignettes_LPDE_vintage03_menu_1974-791x1024.jpg\" alt=\"\" class=\"wp-image-75711\" srcset=\"https:\/\/lespresdeugenie.com\/wp-content\/uploads\/2024\/02\/Vignettes_LPDE_vintage03_menu_1974-791x1024.jpg 791w, https:\/\/lespresdeugenie.com\/wp-content\/uploads\/2024\/02\/Vignettes_LPDE_vintage03_menu_1974-232x300.jpg 232w, https:\/\/lespresdeugenie.com\/wp-content\/uploads\/2024\/02\/Vignettes_LPDE_vintage03_menu_1974-768x994.jpg 768w, https:\/\/lespresdeugenie.com\/wp-content\/uploads\/2024\/02\/Vignettes_LPDE_vintage03_menu_1974-1187x1536.jpg 1187w, https:\/\/lespresdeugenie.com\/wp-content\/uploads\/2024\/02\/Vignettes_LPDE_vintage03_menu_1974-1000x1294.jpg 1000w, https:\/\/lespresdeugenie.com\/wp-content\/uploads\/2024\/02\/Vignettes_LPDE_vintage03_menu_1974.jpg 1545w\" sizes=\"(max-width: 791px) 100vw, 791px\" \/><\/figure>\n\n\n\n<div class=\"wp-block-group is-layout-constrained wp-block-group-is-layout-constrained\">\n<p class=\"has-black-color has-text-color has-engebrechtre-font-family has-extra-large-font-size\">1974<\/p>\n\n\n\n<p>In 1974, Michel Gu\u00e9rard left his Michelin-starred bistro for Eug\u00e9nie. An eternal culinary troublemaker, <strong>he invented Grande Cuisine Minceur\u00ae while watching his slimming customers<\/strong> eat, a concept that immediately won him international acclaim.<\/p>\n\n\n\n<p><strong>It was also the moment for our Property to change its name to Les Pr\u00e9s d&#8217;Eug\u00e9nie<\/strong>, a curiosity at a time when &#8220;Ch\u00e2teaux&#8221;, &#8220;Hostelleries&#8221;, &#8220;Clos&#8221; and other &#8220;Domaines&#8221; dominated.<\/p>\n<\/div>\n<\/div>\n<\/div>\n<\/div>\n\n\n\n<div class=\"wp-block-group story is-layout-constrained wp-block-group-is-layout-constrained\">\n<div class=\"wp-block-group card is-layout-constrained wp-block-group-is-layout-constrained\">\n<div class=\"wp-block-group is-nowrap is-layout-flex wp-container-core-group-is-layout-6c531013 wp-block-group-is-layout-flex\">\n<div class=\"wp-block-group is-layout-constrained wp-block-group-is-layout-constrained\">\n<p class=\"has-black-color has-text-color has-engebrechtre-font-family has-extra-large-font-size\">1974-1977<\/p>\n\n\n\n<p class=\"has-black-color has-text-color\">In 1974, the Michelin Guide awarded chef Gu\u00e9rard\u2019s creations one star, then two stars in 1975 and finally <strong>three stars in 1977 !<\/strong><\/p>\n<\/div>\n\n\n\n<figure class=\"wp-block-image size-full\"><img decoding=\"async\" width=\"600\" height=\"600\" src=\"https:\/\/lespresdeugenie.com\/wp-content\/uploads\/2024\/02\/Vignettes_LPDE_70s.jpg\" alt=\"\" class=\"wp-image-75627\" srcset=\"https:\/\/lespresdeugenie.com\/wp-content\/uploads\/2024\/02\/Vignettes_LPDE_70s.jpg 600w, https:\/\/lespresdeugenie.com\/wp-content\/uploads\/2024\/02\/Vignettes_LPDE_70s-300x300.jpg 300w, https:\/\/lespresdeugenie.com\/wp-content\/uploads\/2024\/02\/Vignettes_LPDE_70s-150x150.jpg 150w, https:\/\/lespresdeugenie.com\/wp-content\/uploads\/2024\/02\/Vignettes_LPDE_70s-100x100.jpg 100w\" sizes=\"(max-width: 600px) 100vw, 600px\" \/><\/figure>\n<\/div>\n<\/div>\n<\/div>\n\n\n\n<div class=\"wp-block-group story is-layout-constrained wp-block-group-is-layout-constrained\">\n<div class=\"wp-block-group card is-layout-constrained wp-block-group-is-layout-constrained\">\n<div class=\"wp-block-group is-nowrap is-layout-flex wp-container-core-group-is-layout-6c531013 wp-block-group-is-layout-flex\">\n<figure class=\"wp-block-image size-full\"><img decoding=\"async\" width=\"600\" height=\"600\" src=\"https:\/\/lespresdeugenie.com\/wp-content\/uploads\/2024\/02\/Vignettes_LPDE_vintage04_travaux86.jpg\" alt=\"\" class=\"wp-image-75714\" srcset=\"https:\/\/lespresdeugenie.com\/wp-content\/uploads\/2024\/02\/Vignettes_LPDE_vintage04_travaux86.jpg 600w, https:\/\/lespresdeugenie.com\/wp-content\/uploads\/2024\/02\/Vignettes_LPDE_vintage04_travaux86-300x300.jpg 300w, https:\/\/lespresdeugenie.com\/wp-content\/uploads\/2024\/02\/Vignettes_LPDE_vintage04_travaux86-150x150.jpg 150w, https:\/\/lespresdeugenie.com\/wp-content\/uploads\/2024\/02\/Vignettes_LPDE_vintage04_travaux86-100x100.jpg 100w\" sizes=\"(max-width: 600px) 100vw, 600px\" \/><\/figure>\n\n\n\n<div class=\"wp-block-group is-layout-constrained wp-block-group-is-layout-constrained\">\n<p class=\"has-black-color has-text-color has-engebrechtre-font-family has-extra-large-font-size\">1986<\/p>\n\n\n\n<p><strong>Buoyed by Michel&#8217;s 3 Michelin stars and his growing reputation in the United States <\/strong>(Michel worked in the kitchens of R\u00e9gine&#8217;s in New York, and his Cuisine Minceur was such a hit that it made the cover of Time in 1976), the Property now lacked enough rooms to accommodate all the gourmets who flocked to Eug\u00e9nie in season.<br><strong>New rooms were added <\/strong>to the &#8220;Sources&#8221; building, which gained 2 floors, <strong>as well as a new thermal spa <\/strong>to accommodate the growing number of spa-goers.<\/p>\n<\/div>\n<\/div>\n<\/div>\n<\/div>\n\n\n\n<div class=\"wp-block-group story is-layout-constrained wp-block-group-is-layout-constrained\">\n<div class=\"wp-block-group card is-layout-constrained wp-block-group-is-layout-constrained\">\n<div class=\"wp-block-group is-nowrap is-layout-flex wp-container-core-group-is-layout-6c531013 wp-block-group-is-layout-flex\">\n<div class=\"wp-block-group is-layout-constrained wp-block-group-is-layout-constrained\">\n<p class=\"has-black-color has-text-color has-engebrechtre-font-family has-extra-large-font-size\">1989<\/p>\n\n\n\n<p>The estate expanded, thanks to <strong>the restoration of a former 18th-century convent<\/strong> in 1989.<br>Christine instilled this poetic &#8220;Couvent des Herbes&#8221; with a romantic, noble, rustic and timeless touch that was acclaimed the world over and by numerous magazines.<\/p>\n<\/div>\n\n\n\n<figure class=\"wp-block-image size-full\"><img decoding=\"async\" width=\"750\" height=\"1000\" src=\"https:\/\/lespresdeugenie.com\/wp-content\/uploads\/2024\/02\/LPDE_couvent_avant-apres.jpg\" alt=\"\" class=\"wp-image-75951\" srcset=\"https:\/\/lespresdeugenie.com\/wp-content\/uploads\/2024\/02\/LPDE_couvent_avant-apres.jpg 750w, https:\/\/lespresdeugenie.com\/wp-content\/uploads\/2024\/02\/LPDE_couvent_avant-apres-225x300.jpg 225w\" sizes=\"(max-width: 750px) 100vw, 750px\" \/><\/figure>\n<\/div>\n<\/div>\n<\/div>\n\n\n\n<div class=\"wp-block-group story is-layout-constrained wp-block-group-is-layout-constrained\">\n<div class=\"wp-block-group card is-layout-constrained wp-block-group-is-layout-constrained\">\n<div class=\"wp-block-group is-nowrap is-layout-flex wp-container-core-group-is-layout-6c531013 wp-block-group-is-layout-flex\">\n<div class=\"wp-block-group is-layout-constrained wp-block-group-is-layout-constrained\">\n<p class=\"has-black-color has-text-color has-engebrechtre-font-family has-extra-large-font-size\">1993<\/p>\n\n\n\n<p>The restoration of an old family farmhouse, &#8220;Les Charmilles&#8221;, enabled us to <strong>open the Auberge de La Ferme aux Grives<\/strong> in 1993.<br><strong>At the time, the opening of a second table by a Michelin-starred chef was the talk of the town.<\/strong><br>Unbelievable ! a full menu was served for 155 francs !<br>But in reality, <strong>it was the fulfillment of a childhood dream for Michel Gu\u00e9rard<\/strong>, who now had a place where he could showcase the generous produce of our terroir and the bourgeois and family recipes he loved above all else.<\/p>\n<\/div>\n\n\n\n<figure class=\"wp-block-image size-full\"><img decoding=\"async\" width=\"600\" height=\"600\" src=\"https:\/\/lespresdeugenie.com\/wp-content\/uploads\/2024\/02\/Vignettes_LPDE_27mars93.jpg\" alt=\"\" class=\"wp-image-75638\" srcset=\"https:\/\/lespresdeugenie.com\/wp-content\/uploads\/2024\/02\/Vignettes_LPDE_27mars93.jpg 600w, https:\/\/lespresdeugenie.com\/wp-content\/uploads\/2024\/02\/Vignettes_LPDE_27mars93-300x300.jpg 300w, https:\/\/lespresdeugenie.com\/wp-content\/uploads\/2024\/02\/Vignettes_LPDE_27mars93-150x150.jpg 150w, https:\/\/lespresdeugenie.com\/wp-content\/uploads\/2024\/02\/Vignettes_LPDE_27mars93-100x100.jpg 100w\" sizes=\"(max-width: 600px) 100vw, 600px\" \/><\/figure>\n<\/div>\n<\/div>\n<\/div>\n\n\n\n<div class=\"wp-block-group story is-layout-constrained wp-block-group-is-layout-constrained\">\n<div class=\"wp-block-group card is-layout-constrained wp-block-group-is-layout-constrained\">\n<div class=\"wp-block-group is-nowrap is-layout-flex wp-container-core-group-is-layout-6c531013 wp-block-group-is-layout-flex\">\n<figure class=\"wp-block-image size-large\"><img decoding=\"async\" width=\"683\" height=\"1024\" src=\"https:\/\/lespresdeugenie.com\/wp-content\/uploads\/2023\/03\/pres-d-eugenie_ferme-thermale_2022-3-683x1024.jpg\" alt=\"\" class=\"wp-image-61795\" srcset=\"https:\/\/lespresdeugenie.com\/wp-content\/uploads\/2023\/03\/pres-d-eugenie_ferme-thermale_2022-3-683x1024.jpg 683w, https:\/\/lespresdeugenie.com\/wp-content\/uploads\/2023\/03\/pres-d-eugenie_ferme-thermale_2022-3-200x300.jpg 200w, https:\/\/lespresdeugenie.com\/wp-content\/uploads\/2023\/03\/pres-d-eugenie_ferme-thermale_2022-3-768x1152.jpg 768w, https:\/\/lespresdeugenie.com\/wp-content\/uploads\/2023\/03\/pres-d-eugenie_ferme-thermale_2022-3-1024x1536.jpg 1024w, https:\/\/lespresdeugenie.com\/wp-content\/uploads\/2023\/03\/pres-d-eugenie_ferme-thermale_2022-3-1366x2048.jpg 1366w, https:\/\/lespresdeugenie.com\/wp-content\/uploads\/2023\/03\/pres-d-eugenie_ferme-thermale_2022-3-1000x1500.jpg 1000w, https:\/\/lespresdeugenie.com\/wp-content\/uploads\/2023\/03\/pres-d-eugenie_ferme-thermale_2022-3.jpg 1667w\" sizes=\"(max-width: 683px) 100vw, 683px\" \/><\/figure>\n\n\n\n<div class=\"wp-block-group is-layout-constrained wp-block-group-is-layout-constrained\">\n<p class=\"has-black-color has-text-color has-engebrechtre-font-family has-extra-large-font-size\">1996<\/p>\n\n\n\n<p>In 1996, the estate expanded with <strong>the creation of the Ferme Thermale<sup>\u00ae<\/sup><\/strong>.<br>Here, Christine is once again at the helm. Her vast knowledge of the spa industry (which she also practises by managing the french leader in thermal spas) is expressed in a style as ecumenical as it is refined, compiling the Celtic, Greco-Latin and medieval know-how of water and plant treatments.<br><strong>At a time when the &#8220;Spa&#8221; phenomenon had yet to emerge, it was an incredible innovation, unanimously acclaimed by the critics.<\/strong><br>La Ferme Thermale was the subject of numerous reports, and attracted the whole world to its &#8220;Healing Week&#8221;.<br><strong>Anne-Laure Nussbaumer<\/strong>, Les Pr\u00e9s d&#8217;Eug\u00e9nie&#8217;s General Manager since 2018, took her first steps here, as Gouvernante.<\/p>\n<\/div>\n<\/div>\n<\/div>\n<\/div>\n\n\n\n<div class=\"wp-block-group story is-layout-constrained wp-block-group-is-layout-constrained\">\n<div class=\"wp-block-group card is-layout-constrained wp-block-group-is-layout-constrained\">\n<div class=\"wp-block-group is-nowrap is-layout-flex wp-container-core-group-is-layout-6c531013 wp-block-group-is-layout-flex\">\n<div class=\"wp-block-group is-layout-constrained wp-block-group-is-layout-constrained\">\n<p class=\"has-black-color has-text-color has-engebrechtre-font-family has-extra-large-font-size\">1999<\/p>\n\n\n\n<p>The &#8220;Eug\u00e9nie&#8221; spirit takes root on the Landes coast, with<strong> the opening of Les Maisons Marines d&#8217;Huchet, our Beach House<\/strong>.<br>Formerly Baron Boulard&#8217;s hunting lodge, it was acquired at Christmas 1997, then patiently restored.<br>Eug\u00e9nie now follows the rhythm of the tides!<\/p>\n<\/div>\n\n\n\n<figure class=\"wp-block-image size-full\"><img decoding=\"async\" width=\"600\" height=\"600\" src=\"https:\/\/lespresdeugenie.com\/wp-content\/uploads\/2024\/02\/Vignettes_LPDE_huchet-CGB.jpg\" alt=\"\" class=\"wp-image-75641\" srcset=\"https:\/\/lespresdeugenie.com\/wp-content\/uploads\/2024\/02\/Vignettes_LPDE_huchet-CGB.jpg 600w, https:\/\/lespresdeugenie.com\/wp-content\/uploads\/2024\/02\/Vignettes_LPDE_huchet-CGB-300x300.jpg 300w, https:\/\/lespresdeugenie.com\/wp-content\/uploads\/2024\/02\/Vignettes_LPDE_huchet-CGB-150x150.jpg 150w, https:\/\/lespresdeugenie.com\/wp-content\/uploads\/2024\/02\/Vignettes_LPDE_huchet-CGB-100x100.jpg 100w\" sizes=\"(max-width: 600px) 100vw, 600px\" \/><\/figure>\n<\/div>\n<\/div>\n<\/div>\n\n\n\n<div class=\"wp-block-group story is-layout-constrained wp-block-group-is-layout-constrained\">\n<div class=\"wp-block-group card is-layout-constrained wp-block-group-is-layout-constrained\">\n<div class=\"wp-block-group is-nowrap is-layout-flex wp-container-core-group-is-layout-6c531013 wp-block-group-is-layout-flex\">\n<figure class=\"wp-block-image size-large\"><img decoding=\"async\" width=\"1024\" height=\"1024\" src=\"https:\/\/lespresdeugenie.com\/wp-content\/uploads\/2024\/02\/pres-d-eugenie_loulous-bar_hiver-edited-1024x1024.jpg\" alt=\"\" class=\"wp-image-75718\" srcset=\"https:\/\/lespresdeugenie.com\/wp-content\/uploads\/2024\/02\/pres-d-eugenie_loulous-bar_hiver-edited-1024x1024.jpg 1024w, https:\/\/lespresdeugenie.com\/wp-content\/uploads\/2024\/02\/pres-d-eugenie_loulous-bar_hiver-edited-300x300.jpg 300w, https:\/\/lespresdeugenie.com\/wp-content\/uploads\/2024\/02\/pres-d-eugenie_loulous-bar_hiver-edited-150x150.jpg 150w, https:\/\/lespresdeugenie.com\/wp-content\/uploads\/2024\/02\/pres-d-eugenie_loulous-bar_hiver-edited-768x767.jpg 768w, https:\/\/lespresdeugenie.com\/wp-content\/uploads\/2024\/02\/pres-d-eugenie_loulous-bar_hiver-edited-600x600.jpg 600w, https:\/\/lespresdeugenie.com\/wp-content\/uploads\/2024\/02\/pres-d-eugenie_loulous-bar_hiver-edited-1000x999.jpg 1000w, https:\/\/lespresdeugenie.com\/wp-content\/uploads\/2024\/02\/pres-d-eugenie_loulous-bar_hiver-edited-100x100.jpg 100w, https:\/\/lespresdeugenie.com\/wp-content\/uploads\/2024\/02\/pres-d-eugenie_loulous-bar_hiver-edited.jpg 1281w\" sizes=\"(max-width: 1024px) 100vw, 1024px\" \/><\/figure>\n\n\n\n<div class=\"wp-block-group is-layout-constrained wp-block-group-is-layout-constrained\">\n<p class=\"has-black-color has-text-color has-engebrechtre-font-family has-extra-large-font-size\">2007-2009<\/p>\n\n\n\n<p>After two years of renovation, <strong>the Empress wing, its salons and its five elegant suites open to the public<\/strong>.<br>Ten years earlier, Christine and Michel had begun one of the finest collections of colonial-inspired furniture and paintings from the Second Empire.<br>Today, <strong>Les Pr\u00e9s d&#8217;Eug\u00e9nie is one of the few hotels in the world to boast a collection of this magnitude<\/strong>, accessible to all guests.<\/p>\n<\/div>\n<\/div>\n<\/div>\n<\/div>\n\n\n\n<div class=\"wp-block-group story is-layout-constrained wp-block-group-is-layout-constrained\">\n<div class=\"wp-block-group card is-layout-constrained wp-block-group-is-layout-constrained\">\n<p class=\"has-black-color has-text-color has-engebrechtre-font-family has-extra-large-font-size\">2013<\/p>\n\n\n\n<p><strong>Opening of Caf\u00e9 M\u00e8re Poule and Institut de Cuisine Michel Gu\u00e9rard.<\/strong><br>This cooking school, harmoniously nestled in the heart of the gardens, welcomes amateur-chefs and professionals throughout the year, through partnerships with health and higher education establishments (Ferrandi Paris, Cordon Bleu, Lyfe ex Institut Paul Bocuse).<br>Students come here to learn the fundamentals of Cuisine de Sant\u00e9<sup>\u00ae<\/sup>.<\/p>\n<\/div>\n<\/div>\n\n\n\n<div class=\"wp-block-group story is-layout-constrained wp-block-group-is-layout-constrained\">\n<div class=\"wp-block-group card is-layout-constrained wp-block-group-is-layout-constrained\">\n<div class=\"wp-block-group is-nowrap is-layout-flex wp-container-core-group-is-layout-6c531013 wp-block-group-is-layout-flex\">\n<figure class=\"wp-block-image size-large\"><img decoding=\"async\" width=\"1024\" height=\"366\" src=\"https:\/\/lespresdeugenie.com\/wp-content\/uploads\/2024\/02\/Palace_Logo_Simuli_Metallic-1024x366.jpg\" alt=\"\" class=\"wp-image-75733\" srcset=\"https:\/\/lespresdeugenie.com\/wp-content\/uploads\/2024\/02\/Palace_Logo_Simuli_Metallic-1024x366.jpg 1024w, https:\/\/lespresdeugenie.com\/wp-content\/uploads\/2024\/02\/Palace_Logo_Simuli_Metallic-300x107.jpg 300w, https:\/\/lespresdeugenie.com\/wp-content\/uploads\/2024\/02\/Palace_Logo_Simuli_Metallic-768x274.jpg 768w, https:\/\/lespresdeugenie.com\/wp-content\/uploads\/2024\/02\/Palace_Logo_Simuli_Metallic-1536x548.jpg 1536w, https:\/\/lespresdeugenie.com\/wp-content\/uploads\/2024\/02\/Palace_Logo_Simuli_Metallic-2048x731.jpg 2048w, https:\/\/lespresdeugenie.com\/wp-content\/uploads\/2024\/02\/Palace_Logo_Simuli_Metallic-1000x357.jpg 1000w\" sizes=\"(max-width: 1024px) 100vw, 1024px\" \/><\/figure>\n\n\n\n<div class=\"wp-block-group is-layout-constrained wp-block-group-is-layout-constrained\">\n<p class=\"has-black-color has-text-color has-engebrechtre-font-family has-extra-large-font-size\">2017<\/p>\n\n\n\n<p><strong>On July 27, 2017, Les Pr\u00e9s d&#8217;Eug\u00e9nie became France&#8217;s 24 <sup>th<\/sup> Palace<\/strong>. This fine distinction rewards hotels that bring together exceptional characteristics in terms of their geographical location, their particular historical, aesthetic or heritage interest, as well as the excellence of the services offered.<br>A sweet reward for our loyal team of 180 &#8220;virtuosos&#8221; in the Art of Hospitality.<\/p>\n\n\n\n<p>That same year,<strong> Hugo Souchet<\/strong>, a disciple of Dominique Lory, Chef at Alain Ducasses&#8217;s Louis XV, joined Eug\u00e9nie and took over the reins of the House kitchens, alongside Michel.<\/p>\n<\/div>\n<\/div>\n<\/div>\n<\/div>\n\n\n\n<div class=\"wp-block-group story is-layout-constrained wp-block-group-is-layout-constrained\">\n<div class=\"wp-block-group card is-layout-constrained wp-block-group-is-layout-constrained\">\n<div class=\"wp-block-group is-nowrap is-layout-flex wp-container-core-group-is-layout-6c531013 wp-block-group-is-layout-flex\">\n<figure class=\"wp-block-image size-full\"><img decoding=\"async\" width=\"600\" height=\"600\" src=\"https:\/\/lespresdeugenie.com\/wp-content\/uploads\/2024\/02\/Vignettes_LPDE_portrait_famille_2021.jpg\" alt=\"\" class=\"wp-image-75729\" srcset=\"https:\/\/lespresdeugenie.com\/wp-content\/uploads\/2024\/02\/Vignettes_LPDE_portrait_famille_2021.jpg 600w, https:\/\/lespresdeugenie.com\/wp-content\/uploads\/2024\/02\/Vignettes_LPDE_portrait_famille_2021-300x300.jpg 300w, https:\/\/lespresdeugenie.com\/wp-content\/uploads\/2024\/02\/Vignettes_LPDE_portrait_famille_2021-150x150.jpg 150w, https:\/\/lespresdeugenie.com\/wp-content\/uploads\/2024\/02\/Vignettes_LPDE_portrait_famille_2021-100x100.jpg 100w\" sizes=\"(max-width: 600px) 100vw, 600px\" \/><\/figure>\n\n\n\n<div class=\"wp-block-group is-layout-constrained wp-block-group-is-layout-constrained\">\n<p class=\"has-black-color has-text-color has-engebrechtre-font-family has-extra-large-font-size\">2018<\/p>\n\n\n\n<p><strong>Adeline and El\u00e9onore Gu\u00e9rard officially take the reins at Eug\u00e9nie<\/strong>, following in Christine&#8217;s footsteps.<br>They continue the House&#8217;s original vision &#8211; poetry, naturalness, timelessness &#8211; and enrich it with new touches: lightness, mischief, festivity, vacation spirit and attention to families.<\/p>\n<\/div>\n<\/div>\n<\/div>\n<\/div>\n\n\n\n<div class=\"wp-block-group story is-layout-constrained wp-block-group-is-layout-constrained\">\n<div class=\"wp-block-group card is-layout-constrained wp-block-group-is-layout-constrained\">\n<div class=\"wp-block-group is-nowrap is-layout-flex wp-container-core-group-is-layout-6c531013 wp-block-group-is-layout-flex\">\n<figure class=\"wp-block-image size-large\"><img decoding=\"async\" width=\"1024\" height=\"683\" src=\"https:\/\/lespresdeugenie.com\/wp-content\/uploads\/2019\/09\/lespresdeugenie_maisonrose_chambre_superieure2-min-1024x683.jpg\" alt=\"\" class=\"wp-image-15348\" srcset=\"https:\/\/lespresdeugenie.com\/wp-content\/uploads\/2019\/09\/lespresdeugenie_maisonrose_chambre_superieure2-min-1024x683.jpg 1024w, https:\/\/lespresdeugenie.com\/wp-content\/uploads\/2019\/09\/lespresdeugenie_maisonrose_chambre_superieure2-min-300x200.jpg 300w, https:\/\/lespresdeugenie.com\/wp-content\/uploads\/2019\/09\/lespresdeugenie_maisonrose_chambre_superieure2-min-768x512.jpg 768w, https:\/\/lespresdeugenie.com\/wp-content\/uploads\/2019\/09\/lespresdeugenie_maisonrose_chambre_superieure2-min-1000x667.jpg 1000w, https:\/\/lespresdeugenie.com\/wp-content\/uploads\/2019\/09\/lespresdeugenie_maisonrose_chambre_superieure2-min.jpg 1920w\" sizes=\"(max-width: 1024px) 100vw, 1024px\" \/><\/figure>\n\n\n\n<div class=\"wp-block-group is-layout-constrained wp-block-group-is-layout-constrained\">\n<p class=\"has-black-color has-text-color has-engebrechtre-font-family has-extra-large-font-size\">2019<\/p>\n\n\n\n<p>After 30 years of loyal service, <strong>our Maison Rose country inn is getting a facelift, with 36 new rooms <\/strong>in a &#8220;cosy chic&#8221; style and bright lounges.<\/p>\n\n\n\n<p>A few months later, we launched our &#8220;Mind, Body &amp; Soul&#8221; program, offering our guests a range of activities every week: yoga, fitness, workshops, snacks, guided tours\u2026<\/p>\n<\/div>\n<\/div>\n<\/div>\n<\/div>\n\n\n\n<div class=\"wp-block-group story is-layout-constrained wp-block-group-is-layout-constrained\">\n<div class=\"wp-block-group card is-layout-constrained wp-block-group-is-layout-constrained\">\n<div class=\"wp-block-group is-nowrap is-layout-flex wp-container-core-group-is-layout-6c531013 wp-block-group-is-layout-flex\">\n<figure class=\"wp-block-image size-large\"><img decoding=\"async\" width=\"683\" height=\"1024\" src=\"https:\/\/lespresdeugenie.com\/wp-content\/uploads\/2022\/11\/EUG-REST-042-LES-PRES-L-ETOILE-YOAN-CHEVOJON-683x1024.jpg\" alt=\"\" class=\"wp-image-53518\" srcset=\"https:\/\/lespresdeugenie.com\/wp-content\/uploads\/2022\/11\/EUG-REST-042-LES-PRES-L-ETOILE-YOAN-CHEVOJON-683x1024.jpg 683w, https:\/\/lespresdeugenie.com\/wp-content\/uploads\/2022\/11\/EUG-REST-042-LES-PRES-L-ETOILE-YOAN-CHEVOJON-200x300.jpg 200w, https:\/\/lespresdeugenie.com\/wp-content\/uploads\/2022\/11\/EUG-REST-042-LES-PRES-L-ETOILE-YOAN-CHEVOJON-768x1152.jpg 768w, https:\/\/lespresdeugenie.com\/wp-content\/uploads\/2022\/11\/EUG-REST-042-LES-PRES-L-ETOILE-YOAN-CHEVOJON-1024x1536.jpg 1024w, https:\/\/lespresdeugenie.com\/wp-content\/uploads\/2022\/11\/EUG-REST-042-LES-PRES-L-ETOILE-YOAN-CHEVOJON-1366x2048.jpg 1366w, https:\/\/lespresdeugenie.com\/wp-content\/uploads\/2022\/11\/EUG-REST-042-LES-PRES-L-ETOILE-YOAN-CHEVOJON-1000x1500.jpg 1000w, https:\/\/lespresdeugenie.com\/wp-content\/uploads\/2022\/11\/EUG-REST-042-LES-PRES-L-ETOILE-YOAN-CHEVOJON-scaled.jpg 1707w\" sizes=\"(max-width: 683px) 100vw, 683px\" \/><\/figure>\n\n\n\n<div class=\"wp-block-group is-layout-constrained wp-block-group-is-layout-constrained\">\n<p class=\"has-black-color has-text-color has-engebrechtre-font-family has-extra-large-font-size\">2021<\/p>\n\n\n\n<p><strong>Revolution at Michel Gu\u00e9rard&#8217;s Grand Restaurant! <br>It is moving from its historic location to the majestic salons de l&#8217;Imp\u00e9ratrice.<\/strong><br>Michel, Hugo, Adeline and El\u00e9onore have also rethought the culinary ritual as a new gourmet journey, dotted with small dishes designed like succulent jewels.<\/p>\n\n\n\n<p>The freed-up dining rooms welcome <strong>a new restaurant, L&#8217;Orangerie<\/strong>, dedicated to local produce sublimated by our fireplace and a cart of desserts from yesteryear.<br>Yummy!<\/p>\n<\/div>\n<\/div>\n<\/div>\n<\/div>\n\n\n\n<div class=\"wp-block-group story is-layout-constrained wp-block-group-is-layout-constrained\">\n<div class=\"wp-block-group card is-layout-constrained wp-block-group-is-layout-constrained\">\n<div class=\"wp-block-group is-nowrap is-layout-flex wp-container-core-group-is-layout-6c531013 wp-block-group-is-layout-flex\">\n<figure class=\"wp-block-image size-large\"><img decoding=\"async\" width=\"580\" height=\"1024\" src=\"https:\/\/lespresdeugenie.com\/wp-content\/uploads\/2024\/02\/LPDE_nouvelle-reception_2024-580x1024.jpg\" alt=\"\" class=\"wp-image-75748\" srcset=\"https:\/\/lespresdeugenie.com\/wp-content\/uploads\/2024\/02\/LPDE_nouvelle-reception_2024-580x1024.jpg 580w, https:\/\/lespresdeugenie.com\/wp-content\/uploads\/2024\/02\/LPDE_nouvelle-reception_2024-170x300.jpg 170w, https:\/\/lespresdeugenie.com\/wp-content\/uploads\/2024\/02\/LPDE_nouvelle-reception_2024-768x1356.jpg 768w, https:\/\/lespresdeugenie.com\/wp-content\/uploads\/2024\/02\/LPDE_nouvelle-reception_2024.jpg 828w\" sizes=\"(max-width: 580px) 100vw, 580px\" \/><\/figure>\n\n\n\n<div class=\"wp-block-group is-layout-constrained wp-block-group-is-layout-constrained\">\n<p class=\"has-black-color has-text-color has-engebrechtre-font-family has-extra-large-font-size\">2024<\/p>\n\n\n\n<p><strong>As Eug\u00e9nie celebrates its 50<sup>th<\/sup> birthday <\/strong>(remember\u2026 Les Pr\u00e9s d&#8217;Eug\u00e9nie took its name in 1974, with the wedding of Christine and Michel Gu\u00e9rard), the heart of the Property is getting a facelift.<br><strong>A new reception area, nestled in the Galerie des Bananiers<\/strong>, now serves as a meeting place for all Les Pr\u00e9s d&#8217;Eug\u00e9nie guests.<\/p>\n<\/div>\n<\/div>\n<\/div>\n<\/div>\n<\/div>\n\n\n\n  <ul id=\"Galleryblock_4ae0dff169f545f9adb49a0503290057\" class=\"gallery\">\n                <li class=\"image\" data-desc=\"\" data-image=\"https:\/\/lespresdeugenie.com\/wp-content\/uploads\/2018\/10\/histoire-christine-guerard-grand-hotel-relais-chateaux.jpg\">\n        <img decoding=\"async\" style=\"pointer-events: none;\" src=\"https:\/\/lespresdeugenie.com\/wp-content\/uploads\/2018\/10\/histoire-christine-guerard-grand-hotel-relais-chateaux.jpg\" alt=\"\" \/>\n      <\/li>\n                    <li class=\"image\" data-desc=\"\" data-image=\"https:\/\/lespresdeugenie.com\/wp-content\/uploads\/2018\/10\/eugenie-michel-christine-guerard-nouvelle-cuisine.jpg\">\n        <img decoding=\"async\" style=\"pointer-events: none;\" src=\"https:\/\/lespresdeugenie.com\/wp-content\/uploads\/2018\/10\/eugenie-michel-christine-guerard-nouvelle-cuisine.jpg\" alt=\"\" \/>\n      <\/li>\n                    <li class=\"image\" data-desc=\"\" data-image=\"https:\/\/lespresdeugenie.com\/wp-content\/uploads\/2018\/10\/michel-guerard-eugenie-maigrir-grande-cuisine-minceur.jpg\">\n        <img decoding=\"async\" style=\"pointer-events: none;\" src=\"https:\/\/lespresdeugenie.com\/wp-content\/uploads\/2018\/10\/michel-guerard-eugenie-maigrir-grande-cuisine-minceur.jpg\" alt=\"\" \/>\n      <\/li>\n                    <li class=\"image\" data-desc=\"\" data-image=\"https:\/\/lespresdeugenie.com\/wp-content\/uploads\/2018\/10\/cafe-culinaire-histoire-institut-michel-guerard-mere-poule.jpg\">\n        <img decoding=\"async\" style=\"pointer-events: none;\" src=\"https:\/\/lespresdeugenie.com\/wp-content\/uploads\/2018\/10\/cafe-culinaire-histoire-institut-michel-guerard-mere-poule.jpg\" alt=\"\" \/>\n      <\/li>\n                    <li class=\"image\" data-desc=\"\" data-image=\"https:\/\/lespresdeugenie.com\/wp-content\/uploads\/2018\/10\/christine-michel-adeline-eleonore-guerard-famille-pres-eugenie-art-recevoir.jpg\">\n        <img decoding=\"async\" style=\"pointer-events: none;\" src=\"https:\/\/lespresdeugenie.com\/wp-content\/uploads\/2018\/10\/christine-michel-adeline-eleonore-guerard-famille-pres-eugenie-art-recevoir.jpg\" alt=\"\" \/>\n      <\/li>\n          <\/ul>\n\n\n\n\n<style>\n\nul.gallery{\n  display: flex;\n  flex-direction: row;\n  flex-wrap: wrap;\n  flex: 0 0 100%;\n  padding: 0;\n}\nul.gallery li{\n  display: flex;\n  flex: 1;\n  height: 22vw;\n}\nul.gallery li img,\nul.gallery li video{\n  width: 100%;\n  height: 100%;\n  object-fit: cover;\n  object-position: center;\n}\n\n.nsGallery {\n  position: fixed;\n  width: 100%;\n  height: 100%;\n  top: 0;\n  display: none;\n  background: #7f8c8d;\n  perspective: 1000;\n  visibility: hidden;\n}\n\n.filter {\n  position: absolute;\n  width: 100%;\n  height: 100%;\n  filter: blur(20px);\n  -webkit-filter: blur(20px);\n  opacity: 0.5;\n  background-position: center;\n  background-size: cover;\n}\n\n.nsGallery img, .nsGallery > video:not(.video-decor) {\n  position: absolute;\n  top: 50%;\n  left: 50%;\n  transform: translate(-50%, -50%) rotateY(0deg);\n  max-height: 95vh;\n  max-width: calc(95vw - 100px);\n  transition: 0.8s cubic-bezier(0.7, 0, 0.4, 1);\n  transform-style: preserve-3d;\n  pointer-events: none;\n}\n.video-decor{\n  position: absolute;\n  width: 100%;\n  height: 100%;\n  filter: blur(20px);\n  -webkit-filter: blur(20px);\n  object-fit: cover;\n  z-index: -1;\n}\n\n\n.desc {\n  font-size: 20px;\n  position: absolute;\n  bottom: 0;\n  padding: 25px;\n  background: rgba(0,0,0,0.4);\n  width: 100%;\n  text-align: center;\n  color: #ffffff;\n  z-index: 999;\n}\n\n.desc:empty{\n  display: none;\n}\n\n\n<\/style>\n","protected":false},"excerpt":{"rendered":"<p>1861 Eug\u00e9nie\u2019s History originates in 1861, when Empress Eug\u00e9nie, the wife of Napoleon III decided to grant her sponsorship to this small thermal station in the outskirts of the Landes and B\u00e9arn regions. A few years before, she had sojourned there for a stopover on her way to her summer quarters in Biarritz. 1961 For [&hellip;]<\/p>\n","protected":false},"author":5,"featured_media":2543,"parent":0,"menu_order":0,"comment_status":"open","ping_status":"open","template":"","meta":{"_acf_changed":false,"footnotes":""},"class_list":["post-56429","page","type-page","status-publish","has-post-thumbnail","hentry"],"acf":[],"yoast_head":"<!-- This site is optimized with the Yoast SEO plugin v26.7 - https:\/\/yoast.com\/wordpress\/plugins\/seo\/ -->\n<title>The History - Les Pr\u00e9s d&#039;Eug\u00e9nie - Maison Gu\u00e9rard<\/title>\n<meta name=\"description\" content=\"Eug\u00e9nie\u2019s History: Palace Relais &amp; Ch\u00e2teaux, the Great Slimming Kitchen of Michel Guerard, the thermal domain, the Institute of cooking ..\" \/>\n<meta name=\"robots\" content=\"index, follow, max-snippet:-1, max-image-preview:large, max-video-preview:-1\" \/>\n<link rel=\"canonical\" href=\"https:\/\/lespresdeugenie.com\/en\/the-history\/\" \/>\n<meta property=\"og:locale\" content=\"en_US\" \/>\n<meta property=\"og:type\" content=\"article\" \/>\n<meta property=\"og:title\" content=\"The History - Les Pr\u00e9s d&#039;Eug\u00e9nie - Maison Gu\u00e9rard\" \/>\n<meta property=\"og:description\" content=\"Eug\u00e9nie\u2019s History: Palace Relais &amp; Ch\u00e2teaux, the Great Slimming Kitchen of Michel Guerard, the thermal domain, the Institute of cooking ..\" \/>\n<meta property=\"og:url\" content=\"https:\/\/lespresdeugenie.com\/en\/the-history\/\" \/>\n<meta property=\"og:site_name\" content=\"Les Pr\u00e9s d&#039;Eug\u00e9nie\" \/>\n<meta property=\"article:publisher\" content=\"https:\/\/www.facebook.com\/LesPresdEugenie\/\" \/>\n<meta property=\"article:modified_time\" content=\"2025-06-25T14:00:22+00:00\" \/>\n<meta property=\"og:image\" content=\"https:\/\/lespresdeugenie.com\/wp-content\/uploads\/2018\/10\/presdeugenie_histoire_1961.jpg\" \/>\n\t<meta property=\"og:image:width\" content=\"2000\" \/>\n\t<meta property=\"og:image:height\" content=\"1259\" \/>\n\t<meta property=\"og:image:type\" content=\"image\/jpeg\" \/>\n<meta name=\"twitter:card\" content=\"summary_large_image\" \/>\n<meta name=\"twitter:label1\" content=\"Est. reading time\" \/>\n\t<meta name=\"twitter:data1\" content=\"10 minutes\" \/>\n<script type=\"application\/ld+json\" class=\"yoast-schema-graph\">{\"@context\":\"https:\/\/schema.org\",\"@graph\":[{\"@type\":\"WebPage\",\"@id\":\"https:\/\/lespresdeugenie.com\/en\/the-history\/\",\"url\":\"https:\/\/lespresdeugenie.com\/en\/the-history\/\",\"name\":\"The History - Les Pr\u00e9s d&#039;Eug\u00e9nie - Maison Gu\u00e9rard\",\"isPartOf\":{\"@id\":\"https:\/\/lespresdeugenie.com\/#website\"},\"primaryImageOfPage\":{\"@id\":\"https:\/\/lespresdeugenie.com\/en\/the-history\/#primaryimage\"},\"image\":{\"@id\":\"https:\/\/lespresdeugenie.com\/en\/the-history\/#primaryimage\"},\"thumbnailUrl\":\"https:\/\/lespresdeugenie.com\/wp-content\/uploads\/2018\/10\/presdeugenie_histoire_1961.jpg\",\"datePublished\":\"2022-12-14T08:53:29+00:00\",\"dateModified\":\"2025-06-25T14:00:22+00:00\",\"description\":\"Eug\u00e9nie\u2019s History: Palace Relais & Ch\u00e2teaux, the Great Slimming Kitchen of Michel Guerard, the thermal domain, the Institute of cooking ..\",\"breadcrumb\":{\"@id\":\"https:\/\/lespresdeugenie.com\/en\/the-history\/#breadcrumb\"},\"inLanguage\":\"en-US\",\"potentialAction\":[{\"@type\":\"ReadAction\",\"target\":[\"https:\/\/lespresdeugenie.com\/en\/the-history\/\"]}]},{\"@type\":\"ImageObject\",\"inLanguage\":\"en-US\",\"@id\":\"https:\/\/lespresdeugenie.com\/en\/the-history\/#primaryimage\",\"url\":\"https:\/\/lespresdeugenie.com\/wp-content\/uploads\/2018\/10\/presdeugenie_histoire_1961.jpg\",\"contentUrl\":\"https:\/\/lespresdeugenie.com\/wp-content\/uploads\/2018\/10\/presdeugenie_histoire_1961.jpg\",\"width\":2000,\"height\":1259},{\"@type\":\"BreadcrumbList\",\"@id\":\"https:\/\/lespresdeugenie.com\/en\/the-history\/#breadcrumb\",\"itemListElement\":[{\"@type\":\"ListItem\",\"position\":1,\"name\":\"Home\",\"item\":\"https:\/\/lespresdeugenie.com\/en\/\"},{\"@type\":\"ListItem\",\"position\":2,\"name\":\"The History\"}]},{\"@type\":\"WebSite\",\"@id\":\"https:\/\/lespresdeugenie.com\/#website\",\"url\":\"https:\/\/lespresdeugenie.com\/\",\"name\":\"Les Pr\u00e9s d'Eugenie - Maison Gu\u00e9rard\",\"description\":\"Maison Gu\u00e9rard\",\"publisher\":{\"@id\":\"https:\/\/lespresdeugenie.com\/#organization\"},\"alternateName\":\"LPDE\",\"potentialAction\":[{\"@type\":\"SearchAction\",\"target\":{\"@type\":\"EntryPoint\",\"urlTemplate\":\"https:\/\/lespresdeugenie.com\/?s={search_term_string}\"},\"query-input\":{\"@type\":\"PropertyValueSpecification\",\"valueRequired\":true,\"valueName\":\"search_term_string\"}}],\"inLanguage\":\"en-US\"},{\"@type\":\"Organization\",\"@id\":\"https:\/\/lespresdeugenie.com\/#organization\",\"name\":\"Les Pr\u00e9s d'Eugenie - Maison Gu\u00e9rard\",\"url\":\"https:\/\/lespresdeugenie.com\/\",\"logo\":{\"@type\":\"ImageObject\",\"inLanguage\":\"en-US\",\"@id\":\"https:\/\/lespresdeugenie.com\/#\/schema\/logo\/image\/\",\"url\":\"https:\/\/lespresdeugenie.com\/wp-content\/uploads\/2022\/12\/les-pres-eugenie-logo-1.png\",\"contentUrl\":\"https:\/\/lespresdeugenie.com\/wp-content\/uploads\/2022\/12\/les-pres-eugenie-logo-1.png\",\"width\":269,\"height\":60,\"caption\":\"Les Pr\u00e9s d'Eugenie - Maison Gu\u00e9rard\"},\"image\":{\"@id\":\"https:\/\/lespresdeugenie.com\/#\/schema\/logo\/image\/\"},\"sameAs\":[\"https:\/\/www.facebook.com\/LesPresdEugenie\/\",\"https:\/\/www.instagram.com\/maisons_guerard\/?hl=fr\",\"https:\/\/fr.linkedin.com\/company\/les-pres-d'eugenie\"]}]}<\/script>\n<!-- \/ Yoast SEO plugin. -->","yoast_head_json":{"title":"The History - Les Pr\u00e9s d&#039;Eug\u00e9nie - Maison Gu\u00e9rard","description":"Eug\u00e9nie\u2019s History: Palace Relais & Ch\u00e2teaux, the Great Slimming Kitchen of Michel Guerard, the thermal domain, the Institute of cooking ..","robots":{"index":"index","follow":"follow","max-snippet":"max-snippet:-1","max-image-preview":"max-image-preview:large","max-video-preview":"max-video-preview:-1"},"canonical":"https:\/\/lespresdeugenie.com\/en\/the-history\/","og_locale":"en_US","og_type":"article","og_title":"The History - Les Pr\u00e9s d&#039;Eug\u00e9nie - Maison Gu\u00e9rard","og_description":"Eug\u00e9nie\u2019s History: Palace Relais & Ch\u00e2teaux, the Great Slimming Kitchen of Michel Guerard, the thermal domain, the Institute of cooking ..","og_url":"https:\/\/lespresdeugenie.com\/en\/the-history\/","og_site_name":"Les Pr\u00e9s d&#039;Eug\u00e9nie","article_publisher":"https:\/\/www.facebook.com\/LesPresdEugenie\/","article_modified_time":"2025-06-25T14:00:22+00:00","og_image":[{"width":2000,"height":1259,"url":"https:\/\/lespresdeugenie.com\/wp-content\/uploads\/2018\/10\/presdeugenie_histoire_1961.jpg","type":"image\/jpeg"}],"twitter_card":"summary_large_image","twitter_misc":{"Est. reading time":"10 minutes"},"schema":{"@context":"https:\/\/schema.org","@graph":[{"@type":"WebPage","@id":"https:\/\/lespresdeugenie.com\/en\/the-history\/","url":"https:\/\/lespresdeugenie.com\/en\/the-history\/","name":"The History - Les Pr\u00e9s d&#039;Eug\u00e9nie - Maison Gu\u00e9rard","isPartOf":{"@id":"https:\/\/lespresdeugenie.com\/#website"},"primaryImageOfPage":{"@id":"https:\/\/lespresdeugenie.com\/en\/the-history\/#primaryimage"},"image":{"@id":"https:\/\/lespresdeugenie.com\/en\/the-history\/#primaryimage"},"thumbnailUrl":"https:\/\/lespresdeugenie.com\/wp-content\/uploads\/2018\/10\/presdeugenie_histoire_1961.jpg","datePublished":"2022-12-14T08:53:29+00:00","dateModified":"2025-06-25T14:00:22+00:00","description":"Eug\u00e9nie\u2019s History: Palace Relais & Ch\u00e2teaux, the Great Slimming Kitchen of Michel Guerard, the thermal domain, the Institute of cooking ..","breadcrumb":{"@id":"https:\/\/lespresdeugenie.com\/en\/the-history\/#breadcrumb"},"inLanguage":"en-US","potentialAction":[{"@type":"ReadAction","target":["https:\/\/lespresdeugenie.com\/en\/the-history\/"]}]},{"@type":"ImageObject","inLanguage":"en-US","@id":"https:\/\/lespresdeugenie.com\/en\/the-history\/#primaryimage","url":"https:\/\/lespresdeugenie.com\/wp-content\/uploads\/2018\/10\/presdeugenie_histoire_1961.jpg","contentUrl":"https:\/\/lespresdeugenie.com\/wp-content\/uploads\/2018\/10\/presdeugenie_histoire_1961.jpg","width":2000,"height":1259},{"@type":"BreadcrumbList","@id":"https:\/\/lespresdeugenie.com\/en\/the-history\/#breadcrumb","itemListElement":[{"@type":"ListItem","position":1,"name":"Home","item":"https:\/\/lespresdeugenie.com\/en\/"},{"@type":"ListItem","position":2,"name":"The History"}]},{"@type":"WebSite","@id":"https:\/\/lespresdeugenie.com\/#website","url":"https:\/\/lespresdeugenie.com\/","name":"Les Pr\u00e9s d'Eugenie - Maison Gu\u00e9rard","description":"Maison Gu\u00e9rard","publisher":{"@id":"https:\/\/lespresdeugenie.com\/#organization"},"alternateName":"LPDE","potentialAction":[{"@type":"SearchAction","target":{"@type":"EntryPoint","urlTemplate":"https:\/\/lespresdeugenie.com\/?s={search_term_string}"},"query-input":{"@type":"PropertyValueSpecification","valueRequired":true,"valueName":"search_term_string"}}],"inLanguage":"en-US"},{"@type":"Organization","@id":"https:\/\/lespresdeugenie.com\/#organization","name":"Les Pr\u00e9s d'Eugenie - Maison Gu\u00e9rard","url":"https:\/\/lespresdeugenie.com\/","logo":{"@type":"ImageObject","inLanguage":"en-US","@id":"https:\/\/lespresdeugenie.com\/#\/schema\/logo\/image\/","url":"https:\/\/lespresdeugenie.com\/wp-content\/uploads\/2022\/12\/les-pres-eugenie-logo-1.png","contentUrl":"https:\/\/lespresdeugenie.com\/wp-content\/uploads\/2022\/12\/les-pres-eugenie-logo-1.png","width":269,"height":60,"caption":"Les Pr\u00e9s d'Eugenie - Maison Gu\u00e9rard"},"image":{"@id":"https:\/\/lespresdeugenie.com\/#\/schema\/logo\/image\/"},"sameAs":["https:\/\/www.facebook.com\/LesPresdEugenie\/","https:\/\/www.instagram.com\/maisons_guerard\/?hl=fr","https:\/\/fr.linkedin.com\/company\/les-pres-d'eugenie"]}]}},"_links":{"self":[{"href":"https:\/\/lespresdeugenie.com\/en\/wp-json\/wp\/v2\/pages\/56429","targetHints":{"allow":["GET"]}}],"collection":[{"href":"https:\/\/lespresdeugenie.com\/en\/wp-json\/wp\/v2\/pages"}],"about":[{"href":"https:\/\/lespresdeugenie.com\/en\/wp-json\/wp\/v2\/types\/page"}],"author":[{"embeddable":true,"href":"https:\/\/lespresdeugenie.com\/en\/wp-json\/wp\/v2\/users\/5"}],"replies":[{"embeddable":true,"href":"https:\/\/lespresdeugenie.com\/en\/wp-json\/wp\/v2\/comments?post=56429"}],"version-history":[{"count":27,"href":"https:\/\/lespresdeugenie.com\/en\/wp-json\/wp\/v2\/pages\/56429\/revisions"}],"predecessor-version":[{"id":98254,"href":"https:\/\/lespresdeugenie.com\/en\/wp-json\/wp\/v2\/pages\/56429\/revisions\/98254"}],"wp:featuredmedia":[{"embeddable":true,"href":"https:\/\/lespresdeugenie.com\/en\/wp-json\/wp\/v2\/media\/2543"}],"wp:attachment":[{"href":"https:\/\/lespresdeugenie.com\/en\/wp-json\/wp\/v2\/media?parent=56429"}],"curies":[{"name":"wp","href":"https:\/\/api.w.org\/{rel}","templated":true}]}}