{"id":79290,"date":"2024-04-30T12:55:10","date_gmt":"2024-04-30T10:55:10","guid":{"rendered":"https:\/\/lespresdeugenie.com\/?post_type=activities&#038;p=79290"},"modified":"2024-04-30T12:55:12","modified_gmt":"2024-04-30T10:55:12","slug":"visitas-gastronomicas-en-las-landas","status":"publish","type":"activities","link":"https:\/\/lespresdeugenie.com\/es\/les-loisirs\/visitas-gastronomicas-en-las-landas\/","title":{"rendered":"Visitas gastron\u00f3micas en las Landas"},"content":{"rendered":"\n<p>Si te quedas con nosotros unos d\u00edas, te recomendamos algunas rutas gastron\u00f3micas que te llevar\u00e1n a descubrir el patrimonio culinario y vitivin\u00edcola de las Landas y de Gascu\u00f1a.<\/p>\n\n\n\n<h3 class=\"wp-block-heading\">Los mercados<\/h3>\n\n\n\n<p>Todos los mi\u00e9rcoles por la ma\u00f1ana, hasta las 13:00, el peque\u00f1o mercado de Pays d&#8217;Eug\u00e9nie se instala en la Grand-Rue. Aunque de tama\u00f1o modesto, ofrece una selecci\u00f3n de productos alimentarios y artesan\u00eda local de calidad.<br><strong>A pocos kil\u00f3metros de all\u00ed, Aire sur l&#8217;Adour<\/strong> y su hermosa plaza frente al ayuntamiento, acogen los martes y s\u00e1bados por la ma\u00f1ana un mercado alimentario y agr\u00edcola de buena reputaci\u00f3n. Los martes, los pollitos y las aves vivas crean un ambiente particularmente encantador. El caf\u00e9 del mercado te garantiza sumergirte en la atm\u00f3sfera del mercado. No olvides comprar algunas maravillas cocidas al momento en el puesto del pastelero de enfrente para degustarlas a\u00fan calientes con el caf\u00e9. A 15 minutos de Eug\u00e9nie, <strong>el mercado de Saint-Sever<\/strong>, los s\u00e1bados por la ma\u00f1ana, acoge a comerciantes locales y peque\u00f1os productores agr\u00edcolas en las hermosas plazas recientemente restauradas. <br><strong>El domingo por la ma\u00f1ana<\/strong>, cita bajo los soportales de la <strong>bastida de Geaune<\/strong>, a 5 minutos de Eug\u00e9nie. Si te apetece, avanza unos kil\u00f3metros m\u00e1s, los martes y s\u00e1bados, hasta Mont-de-Marsan, bajo la <strong>plaza del Mercado St-Roch considerado uno de los 100 mercados m\u00e1s bonitos de Francia<\/strong>.<\/p>\n\n\n\n<h3 class=\"wp-block-heading\">La Vid, el vino, el Armagnac<\/h3>\n\n\n\n<p><strong>Nuestro dominio, el Ch\u00e2teau de Bachen<\/strong>, te recibe con cita previa para descubrir la producci\u00f3n enol\u00f3gica de la familia Gu\u00e9rard. Para concertar una cita, nuestro equipo de Recepci\u00f3n estar\u00e1 encantado de ayudarte.<br>A 35 kil\u00f3metros de Eug\u00e9nie, en pleno territorio del Bajo Armagnac, en las colinas de Gers, tambi\u00e9n producimos, en <strong>nuestro Dominio de Sandemagnan<\/strong>, muy buenos armagnacs desde 1967. La bodega se puede visitar de lunes a s\u00e1bado, con reserva.<br>Para descubrir los secretos del Armagnac de forma l\u00fadica e hist\u00f3rica, <strong>el Dominio d&#8217;Ognoas<\/strong> recibe a los visitantes varias veces por semana, mientras que el <strong>Ch\u00e2teau de Ravignan<\/strong>, que produce sus aguardientes desde 1732, ofrece una visita guiada muy bonita del castillo, seguida de un taller de degustaci\u00f3n.<br>En Madiran, vi\u00f1edo preferido del Buen Rey Enrique, el Ch\u00e2teau Montus de la familia Brumont tambi\u00e9n ofrece visitas con degustaci\u00f3n.<\/p>\n\n\n\n<div style=\"height:25px\" aria-hidden=\"true\" class=\"wp-block-spacer\"><\/div>\n\n\n\n<div class=\"wp-block-buttons is-vertical is-content-justification-center is-layout-flex wp-container-core-buttons-is-layout-734eb2c2 wp-block-buttons-is-layout-flex\">\n<div class=\"wp-block-button is-style-outline is-style-outline--1\"><a class=\"wp-block-button__link wp-element-button\" href=\"https:\/\/armagnac-ravignan.com\/\" target=\"_blank\" rel=\"noreferrer noopener\">El CH\u00c2TEAU DE RAVIGNAN<\/a><\/div>\n\n\n\n<div class=\"wp-block-button is-style-outline is-style-outline--2\"><a class=\"wp-block-button__link wp-element-button\" href=\"https:\/\/www.domaine-ognoas.com\/infos-pratiques\" target=\"_blank\" rel=\"noreferrer noopener\">El DOMAINE D&#8217;OGNOAS<\/a><\/div>\n\n\n\n<div class=\"wp-block-button is-style-outline is-style-outline--3\"><a class=\"wp-block-button__link wp-element-button\" href=\"http:\/\/www.brumont.fr\/fr\/#\/VisitezNous\" target=\"_blank\" rel=\"noreferrer noopener\">LES DOMAINES D&#8217;ALAIN BRUMONT<\/a><\/div>\n<\/div>\n","protected":false},"excerpt":{"rendered":"<p>Si te quedas con nosotros unos d\u00edas, te recomendamos algunas rutas gastron\u00f3micas que te llevar\u00e1n a descubrir el patrimonio culinario y vitivin\u00edcola de las Landas y de Gascu\u00f1a. Los mercados Todos los mi\u00e9rcoles por la ma\u00f1ana, hasta las 13:00, el peque\u00f1o mercado de Pays d&#8217;Eug\u00e9nie se instala en la Grand-Rue. Aunque de tama\u00f1o modesto, ofrece [&hellip;]<\/p>\n","protected":false},"featured_media":78016,"menu_order":0,"template":"","meta":{"_acf_changed":false},"activities_tax":[369],"class_list":["post-79290","activities","type-activities","status-publish","has-post-thumbnail","hentry","activities_tax-visitas-y-alrededores"],"acf":[],"yoast_head":"<!-- This site is optimized with the Yoast SEO plugin v26.7 - https:\/\/yoast.com\/wordpress\/plugins\/seo\/ -->\n<title>Visitas gastron\u00f3micas en las Landas - Les Pr\u00e9s d&#039;Eug\u00e9nie<\/title>\n<meta name=\"robots\" content=\"index, follow, max-snippet:-1, max-image-preview:large, max-video-preview:-1\" \/>\n<link rel=\"canonical\" href=\"https:\/\/lespresdeugenie.com\/es\/les-loisirs\/visitas-gastronomicas-en-las-landas\/\" \/>\n<meta property=\"og:locale\" content=\"es_ES\" \/>\n<meta property=\"og:type\" content=\"article\" \/>\n<meta property=\"og:title\" content=\"Visitas gastron\u00f3micas en las Landas - Les Pr\u00e9s d&#039;Eug\u00e9nie\" \/>\n<meta property=\"og:description\" content=\"Si te quedas con nosotros unos d\u00edas, te recomendamos algunas rutas gastron\u00f3micas que te llevar\u00e1n a descubrir el patrimonio culinario y vitivin\u00edcola de las Landas y de Gascu\u00f1a. Los mercados Todos los mi\u00e9rcoles por la ma\u00f1ana, hasta las 13:00, el peque\u00f1o mercado de Pays d&#8217;Eug\u00e9nie se instala en la Grand-Rue. Aunque de tama\u00f1o modesto, ofrece [&hellip;]\" \/>\n<meta property=\"og:url\" content=\"https:\/\/lespresdeugenie.com\/es\/les-loisirs\/visitas-gastronomicas-en-las-landas\/\" \/>\n<meta property=\"og:site_name\" content=\"Les Pr\u00e9s d&#039;Eug\u00e9nie\" \/>\n<meta property=\"article:publisher\" content=\"https:\/\/www.facebook.com\/LesPresdEugenie\/\" \/>\n<meta property=\"article:modified_time\" content=\"2024-04-30T10:55:12+00:00\" \/>\n<meta property=\"og:image\" content=\"https:\/\/lespresdeugenie.com\/wp-content\/uploads\/2018\/10\/journ\u00e9es_patrimoine_chateau_de_bachen_2018.jpg\" \/>\n\t<meta property=\"og:image:width\" content=\"1000\" \/>\n\t<meta property=\"og:image:height\" content=\"600\" \/>\n\t<meta property=\"og:image:type\" content=\"image\/jpeg\" \/>\n<meta name=\"twitter:card\" content=\"summary_large_image\" \/>\n<meta name=\"twitter:label1\" content=\"Tiempo de lectura\" \/>\n\t<meta name=\"twitter:data1\" content=\"2 minutos\" \/>\n<script type=\"application\/ld+json\" class=\"yoast-schema-graph\">{\"@context\":\"https:\/\/schema.org\",\"@graph\":[{\"@type\":\"WebPage\",\"@id\":\"https:\/\/lespresdeugenie.com\/es\/les-loisirs\/visitas-gastronomicas-en-las-landas\/\",\"url\":\"https:\/\/lespresdeugenie.com\/es\/les-loisirs\/visitas-gastronomicas-en-las-landas\/\",\"name\":\"Visitas gastron\u00f3micas en las Landas - Les Pr\u00e9s d&#039;Eug\u00e9nie\",\"isPartOf\":{\"@id\":\"https:\/\/lespresdeugenie.com\/#website\"},\"primaryImageOfPage\":{\"@id\":\"https:\/\/lespresdeugenie.com\/es\/les-loisirs\/visitas-gastronomicas-en-las-landas\/#primaryimage\"},\"image\":{\"@id\":\"https:\/\/lespresdeugenie.com\/es\/les-loisirs\/visitas-gastronomicas-en-las-landas\/#primaryimage\"},\"thumbnailUrl\":\"https:\/\/lespresdeugenie.com\/wp-content\/uploads\/2018\/10\/journ\u00e9es_patrimoine_chateau_de_bachen_2018.jpg\",\"datePublished\":\"2024-04-30T10:55:10+00:00\",\"dateModified\":\"2024-04-30T10:55:12+00:00\",\"breadcrumb\":{\"@id\":\"https:\/\/lespresdeugenie.com\/es\/les-loisirs\/visitas-gastronomicas-en-las-landas\/#breadcrumb\"},\"inLanguage\":\"es\",\"potentialAction\":[{\"@type\":\"ReadAction\",\"target\":[\"https:\/\/lespresdeugenie.com\/es\/les-loisirs\/visitas-gastronomicas-en-las-landas\/\"]}]},{\"@type\":\"ImageObject\",\"inLanguage\":\"es\",\"@id\":\"https:\/\/lespresdeugenie.com\/es\/les-loisirs\/visitas-gastronomicas-en-las-landas\/#primaryimage\",\"url\":\"https:\/\/lespresdeugenie.com\/wp-content\/uploads\/2018\/10\/journ\u00e9es_patrimoine_chateau_de_bachen_2018.jpg\",\"contentUrl\":\"https:\/\/lespresdeugenie.com\/wp-content\/uploads\/2018\/10\/journ\u00e9es_patrimoine_chateau_de_bachen_2018.jpg\",\"width\":1000,\"height\":600},{\"@type\":\"BreadcrumbList\",\"@id\":\"https:\/\/lespresdeugenie.com\/es\/les-loisirs\/visitas-gastronomicas-en-las-landas\/#breadcrumb\",\"itemListElement\":[{\"@type\":\"ListItem\",\"position\":1,\"name\":\"Inicio\",\"item\":\"https:\/\/lespresdeugenie.com\/es\/\"},{\"@type\":\"ListItem\",\"position\":2,\"name\":\"Loisirs\",\"item\":\"https:\/\/lespresdeugenie.com\/les-loisirs\/\"},{\"@type\":\"ListItem\",\"position\":3,\"name\":\"Visitas gastron\u00f3micas en las Landas\"}]},{\"@type\":\"WebSite\",\"@id\":\"https:\/\/lespresdeugenie.com\/#website\",\"url\":\"https:\/\/lespresdeugenie.com\/\",\"name\":\"Les Pr\u00e9s d'Eugenie - Maison Gu\u00e9rard\",\"description\":\"Maison Gu\u00e9rard\",\"publisher\":{\"@id\":\"https:\/\/lespresdeugenie.com\/#organization\"},\"alternateName\":\"LPDE\",\"potentialAction\":[{\"@type\":\"SearchAction\",\"target\":{\"@type\":\"EntryPoint\",\"urlTemplate\":\"https:\/\/lespresdeugenie.com\/?s={search_term_string}\"},\"query-input\":{\"@type\":\"PropertyValueSpecification\",\"valueRequired\":true,\"valueName\":\"search_term_string\"}}],\"inLanguage\":\"es\"},{\"@type\":\"Organization\",\"@id\":\"https:\/\/lespresdeugenie.com\/#organization\",\"name\":\"Les Pr\u00e9s d'Eugenie - Maison Gu\u00e9rard\",\"url\":\"https:\/\/lespresdeugenie.com\/\",\"logo\":{\"@type\":\"ImageObject\",\"inLanguage\":\"es\",\"@id\":\"https:\/\/lespresdeugenie.com\/#\/schema\/logo\/image\/\",\"url\":\"https:\/\/lespresdeugenie.com\/wp-content\/uploads\/2022\/12\/les-pres-eugenie-logo-1.png\",\"contentUrl\":\"https:\/\/lespresdeugenie.com\/wp-content\/uploads\/2022\/12\/les-pres-eugenie-logo-1.png\",\"width\":269,\"height\":60,\"caption\":\"Les Pr\u00e9s d'Eugenie - Maison Gu\u00e9rard\"},\"image\":{\"@id\":\"https:\/\/lespresdeugenie.com\/#\/schema\/logo\/image\/\"},\"sameAs\":[\"https:\/\/www.facebook.com\/LesPresdEugenie\/\",\"https:\/\/www.instagram.com\/maisons_guerard\/?hl=fr\",\"https:\/\/fr.linkedin.com\/company\/les-pres-d'eugenie\"]}]}<\/script>\n<!-- \/ Yoast SEO plugin. -->","yoast_head_json":{"title":"Visitas gastron\u00f3micas en las Landas - Les Pr\u00e9s d&#039;Eug\u00e9nie","robots":{"index":"index","follow":"follow","max-snippet":"max-snippet:-1","max-image-preview":"max-image-preview:large","max-video-preview":"max-video-preview:-1"},"canonical":"https:\/\/lespresdeugenie.com\/es\/les-loisirs\/visitas-gastronomicas-en-las-landas\/","og_locale":"es_ES","og_type":"article","og_title":"Visitas gastron\u00f3micas en las Landas - Les Pr\u00e9s d&#039;Eug\u00e9nie","og_description":"Si te quedas con nosotros unos d\u00edas, te recomendamos algunas rutas gastron\u00f3micas que te llevar\u00e1n a descubrir el patrimonio culinario y vitivin\u00edcola de las Landas y de Gascu\u00f1a. Los mercados Todos los mi\u00e9rcoles por la ma\u00f1ana, hasta las 13:00, el peque\u00f1o mercado de Pays d&#8217;Eug\u00e9nie se instala en la Grand-Rue. Aunque de tama\u00f1o modesto, ofrece [&hellip;]","og_url":"https:\/\/lespresdeugenie.com\/es\/les-loisirs\/visitas-gastronomicas-en-las-landas\/","og_site_name":"Les Pr\u00e9s d&#039;Eug\u00e9nie","article_publisher":"https:\/\/www.facebook.com\/LesPresdEugenie\/","article_modified_time":"2024-04-30T10:55:12+00:00","og_image":[{"width":1000,"height":600,"url":"https:\/\/lespresdeugenie.com\/wp-content\/uploads\/2018\/10\/journ\u00e9es_patrimoine_chateau_de_bachen_2018.jpg","type":"image\/jpeg"}],"twitter_card":"summary_large_image","twitter_misc":{"Tiempo de lectura":"2 minutos"},"schema":{"@context":"https:\/\/schema.org","@graph":[{"@type":"WebPage","@id":"https:\/\/lespresdeugenie.com\/es\/les-loisirs\/visitas-gastronomicas-en-las-landas\/","url":"https:\/\/lespresdeugenie.com\/es\/les-loisirs\/visitas-gastronomicas-en-las-landas\/","name":"Visitas gastron\u00f3micas en las Landas - Les Pr\u00e9s d&#039;Eug\u00e9nie","isPartOf":{"@id":"https:\/\/lespresdeugenie.com\/#website"},"primaryImageOfPage":{"@id":"https:\/\/lespresdeugenie.com\/es\/les-loisirs\/visitas-gastronomicas-en-las-landas\/#primaryimage"},"image":{"@id":"https:\/\/lespresdeugenie.com\/es\/les-loisirs\/visitas-gastronomicas-en-las-landas\/#primaryimage"},"thumbnailUrl":"https:\/\/lespresdeugenie.com\/wp-content\/uploads\/2018\/10\/journ\u00e9es_patrimoine_chateau_de_bachen_2018.jpg","datePublished":"2024-04-30T10:55:10+00:00","dateModified":"2024-04-30T10:55:12+00:00","breadcrumb":{"@id":"https:\/\/lespresdeugenie.com\/es\/les-loisirs\/visitas-gastronomicas-en-las-landas\/#breadcrumb"},"inLanguage":"es","potentialAction":[{"@type":"ReadAction","target":["https:\/\/lespresdeugenie.com\/es\/les-loisirs\/visitas-gastronomicas-en-las-landas\/"]}]},{"@type":"ImageObject","inLanguage":"es","@id":"https:\/\/lespresdeugenie.com\/es\/les-loisirs\/visitas-gastronomicas-en-las-landas\/#primaryimage","url":"https:\/\/lespresdeugenie.com\/wp-content\/uploads\/2018\/10\/journ\u00e9es_patrimoine_chateau_de_bachen_2018.jpg","contentUrl":"https:\/\/lespresdeugenie.com\/wp-content\/uploads\/2018\/10\/journ\u00e9es_patrimoine_chateau_de_bachen_2018.jpg","width":1000,"height":600},{"@type":"BreadcrumbList","@id":"https:\/\/lespresdeugenie.com\/es\/les-loisirs\/visitas-gastronomicas-en-las-landas\/#breadcrumb","itemListElement":[{"@type":"ListItem","position":1,"name":"Inicio","item":"https:\/\/lespresdeugenie.com\/es\/"},{"@type":"ListItem","position":2,"name":"Loisirs","item":"https:\/\/lespresdeugenie.com\/les-loisirs\/"},{"@type":"ListItem","position":3,"name":"Visitas gastron\u00f3micas en las Landas"}]},{"@type":"WebSite","@id":"https:\/\/lespresdeugenie.com\/#website","url":"https:\/\/lespresdeugenie.com\/","name":"Les Pr\u00e9s d'Eugenie - Maison Gu\u00e9rard","description":"Maison Gu\u00e9rard","publisher":{"@id":"https:\/\/lespresdeugenie.com\/#organization"},"alternateName":"LPDE","potentialAction":[{"@type":"SearchAction","target":{"@type":"EntryPoint","urlTemplate":"https:\/\/lespresdeugenie.com\/?s={search_term_string}"},"query-input":{"@type":"PropertyValueSpecification","valueRequired":true,"valueName":"search_term_string"}}],"inLanguage":"es"},{"@type":"Organization","@id":"https:\/\/lespresdeugenie.com\/#organization","name":"Les Pr\u00e9s d'Eugenie - Maison Gu\u00e9rard","url":"https:\/\/lespresdeugenie.com\/","logo":{"@type":"ImageObject","inLanguage":"es","@id":"https:\/\/lespresdeugenie.com\/#\/schema\/logo\/image\/","url":"https:\/\/lespresdeugenie.com\/wp-content\/uploads\/2022\/12\/les-pres-eugenie-logo-1.png","contentUrl":"https:\/\/lespresdeugenie.com\/wp-content\/uploads\/2022\/12\/les-pres-eugenie-logo-1.png","width":269,"height":60,"caption":"Les Pr\u00e9s d'Eugenie - Maison Gu\u00e9rard"},"image":{"@id":"https:\/\/lespresdeugenie.com\/#\/schema\/logo\/image\/"},"sameAs":["https:\/\/www.facebook.com\/LesPresdEugenie\/","https:\/\/www.instagram.com\/maisons_guerard\/?hl=fr","https:\/\/fr.linkedin.com\/company\/les-pres-d'eugenie"]}]}},"_links":{"self":[{"href":"https:\/\/lespresdeugenie.com\/es\/wp-json\/wp\/v2\/activities\/79290","targetHints":{"allow":["GET"]}}],"collection":[{"href":"https:\/\/lespresdeugenie.com\/es\/wp-json\/wp\/v2\/activities"}],"about":[{"href":"https:\/\/lespresdeugenie.com\/es\/wp-json\/wp\/v2\/types\/activities"}],"wp:featuredmedia":[{"embeddable":true,"href":"https:\/\/lespresdeugenie.com\/es\/wp-json\/wp\/v2\/media\/78016"}],"wp:attachment":[{"href":"https:\/\/lespresdeugenie.com\/es\/wp-json\/wp\/v2\/media?parent=79290"}],"wp:term":[{"taxonomy":"activities_tax","embeddable":true,"href":"https:\/\/lespresdeugenie.com\/es\/wp-json\/wp\/v2\/activities_tax?post=79290"}],"curies":[{"name":"wp","href":"https:\/\/api.w.org\/{rel}","templated":true}]}}