{"id":79333,"date":"2024-04-30T17:03:09","date_gmt":"2024-04-30T15:03:09","guid":{"rendered":"https:\/\/lespresdeugenie.com\/?page_id=79333"},"modified":"2024-05-03T16:28:12","modified_gmt":"2024-05-03T14:28:12","slug":"la-gran-cocina-adelgazante","status":"publish","type":"page","link":"https:\/\/lespresdeugenie.com\/es\/restaurantes\/la-gran-cocina-adelgazante\/","title":{"rendered":"La gran cocina adelgazante"},"content":{"rendered":"\n<div class=\"wp-block-cover is-light has-custom-content-position is-position-bottom-center\" style=\"min-height:750px;aspect-ratio:unset;\"><span aria-hidden=\"true\" class=\"wp-block-cover__background has-background-dim-20 has-background-dim\"><\/span><img decoding=\"async\" width=\"2500\" height=\"1918\" src=\"https:\/\/lespresdeugenie.com\/wp-content\/uploads\/2018\/10\/grande-cuisine-minceur-guerard-pres-eugenie-sorbet-sud-ouest.jpg\" class=\"wp-block-cover__image-background wp-post-image\" alt=\"\" data-object-fit=\"cover\" srcset=\"https:\/\/lespresdeugenie.com\/wp-content\/uploads\/2018\/10\/grande-cuisine-minceur-guerard-pres-eugenie-sorbet-sud-ouest.jpg 2500w, https:\/\/lespresdeugenie.com\/wp-content\/uploads\/2018\/10\/grande-cuisine-minceur-guerard-pres-eugenie-sorbet-sud-ouest-300x230.jpg 300w, https:\/\/lespresdeugenie.com\/wp-content\/uploads\/2018\/10\/grande-cuisine-minceur-guerard-pres-eugenie-sorbet-sud-ouest-768x589.jpg 768w, https:\/\/lespresdeugenie.com\/wp-content\/uploads\/2018\/10\/grande-cuisine-minceur-guerard-pres-eugenie-sorbet-sud-ouest-1024x786.jpg 1024w, https:\/\/lespresdeugenie.com\/wp-content\/uploads\/2018\/10\/grande-cuisine-minceur-guerard-pres-eugenie-sorbet-sud-ouest-1000x767.jpg 1000w, https:\/\/lespresdeugenie.com\/wp-content\/uploads\/2018\/10\/grande-cuisine-minceur-guerard-pres-eugenie-sorbet-sud-ouest-100x77.jpg 100w\" sizes=\"(max-width: 2500px) 100vw, 2500px\" \/><div class=\"wp-block-cover__inner-container is-layout-flow wp-block-cover-is-layout-flow\">\n<div class=\"wp-block-group has-white-background-color has-background is-layout-constrained wp-block-group-is-layout-constrained\">\n<h1 class=\"wp-block-heading has-text-align-center\">La gran cocina adelgazante<\/h1>\n<\/div>\n<\/div><\/div>\n\n\n\n<div style=\"height:100px\" aria-hidden=\"true\" class=\"wp-block-spacer\"><\/div>\n\n\n\n<div class=\"wp-block-columns are-vertically-aligned-center is-layout-flex wp-container-core-columns-is-layout-28f84493 wp-block-columns-is-layout-flex\">\n<div class=\"wp-block-column is-vertically-aligned-center is-layout-flow wp-block-column-is-layout-flow\" style=\"flex-basis:10%\"><\/div>\n\n\n\n<div class=\"wp-block-column is-vertically-aligned-center is-layout-flow wp-block-column-is-layout-flow\" style=\"flex-basis:40%\">\n<figure class=\"wp-block-image size-full\"><img decoding=\"async\" width=\"1000\" height=\"600\" src=\"http:\/\/lespresdeugenie.com\/wp-content\/uploads\/2018\/10\/cuisine-restaurant-michelin-minceur-michel-guerard.jpg\" alt=\"\" class=\"wp-image-2133\" srcset=\"https:\/\/lespresdeugenie.com\/wp-content\/uploads\/2018\/10\/cuisine-restaurant-michelin-minceur-michel-guerard.jpg 1000w, https:\/\/lespresdeugenie.com\/wp-content\/uploads\/2018\/10\/cuisine-restaurant-michelin-minceur-michel-guerard-300x180.jpg 300w, https:\/\/lespresdeugenie.com\/wp-content\/uploads\/2018\/10\/cuisine-restaurant-michelin-minceur-michel-guerard-768x461.jpg 768w, https:\/\/lespresdeugenie.com\/wp-content\/uploads\/2018\/10\/cuisine-restaurant-michelin-minceur-michel-guerard-100x60.jpg 100w\" sizes=\"(max-width: 1000px) 100vw, 1000px\" \/><\/figure>\n<\/div>\n\n\n\n<div class=\"wp-block-column is-vertically-aligned-center is-layout-flow wp-block-column-is-layout-flow\" style=\"flex-basis:40%\">\n<figure class=\"wp-block-pullquote\"><blockquote><p>Michel Gu\u00e9rard dirige esta magia culinaria y diet\u00e9tica, cuyos cimientos sent\u00f3 en 1975 como precursor visionario.<\/p><\/blockquote><\/figure>\n<\/div>\n\n\n\n<div class=\"wp-block-column is-vertically-aligned-center is-layout-flow wp-block-column-is-layout-flow\" style=\"flex-basis:10%\"><\/div>\n<\/div>\n\n\n\n<div class=\"wp-block-columns is-layout-flex wp-container-core-columns-is-layout-28f84493 wp-block-columns-is-layout-flex\">\n<div class=\"wp-block-column is-layout-flow wp-block-column-is-layout-flow\" style=\"flex-basis:10%\"><\/div>\n\n\n\n<div class=\"wp-block-column is-layout-flow wp-block-column-is-layout-flow\" style=\"flex-basis:80%\">\n<p>Imaginar\u2026 <strong>Una cocina tan deliciosa como saludable, respetuosa con la naturaleza.<br><\/strong>Una cocina abierta a los sabores de la gran tradici\u00f3n francesa, as\u00ed como a los encantos ex\u00f3ticos. Descubrir\u00e1s, como sorpresa, una cocina renovada en cada comida.<\/p>\n\n\n\n<p><strong>La Grande Cuisine Minceur (gran cocina adelgazante<\/strong>)<strong>, creada en 1975 por Michel Gu\u00e9rard<\/strong>, que ya era un pionero en imaginar nuestras aspiraciones de bienestar, no ha dejado de evolucionar en los \u00faltimos 40 a\u00f1os.<\/p>\n<\/div>\n\n\n\n<div class=\"wp-block-column is-layout-flow wp-block-column-is-layout-flow\" style=\"flex-basis:10%\"><\/div>\n<\/div>\n\n\n\n  <ul id=\"Galleryblock_c4b4197c76488fdb190ee9d1a80506a5\" class=\"gallery\">\n                <li class=\"image\" data-desc=\"\" data-image=\"https:\/\/lespresdeugenie.com\/wp-content\/uploads\/2018\/10\/cuisine-restaurant-michelin-minceur-michel-guerard.jpg\">\n        <img decoding=\"async\" style=\"pointer-events: none;\" src=\"https:\/\/lespresdeugenie.com\/wp-content\/uploads\/2018\/10\/cuisine-restaurant-michelin-minceur-michel-guerard.jpg\" alt=\"\" \/>\n      <\/li>\n                    <li class=\"image\" data-desc=\"\" data-image=\"https:\/\/lespresdeugenie.com\/wp-content\/uploads\/2018\/10\/grande-cuisine-minceur-cure-gastronomie-guerard-soupe.jpg\">\n        <img decoding=\"async\" style=\"pointer-events: none;\" src=\"https:\/\/lespresdeugenie.com\/wp-content\/uploads\/2018\/10\/grande-cuisine-minceur-cure-gastronomie-guerard-soupe-852x1024.jpg\" alt=\"\" \/>\n      <\/li>\n                    <li class=\"image\" data-desc=\"\" data-image=\"https:\/\/lespresdeugenie.com\/wp-content\/uploads\/2018\/10\/cuisine-minceur-cure-eugenie-bain-nouvelle-aquitaine.jpg\">\n        <img decoding=\"async\" style=\"pointer-events: none;\" src=\"https:\/\/lespresdeugenie.com\/wp-content\/uploads\/2018\/10\/cuisine-minceur-cure-eugenie-bain-nouvelle-aquitaine.jpg\" alt=\"\" \/>\n      <\/li>\n                    <li class=\"image\" data-desc=\"\" data-image=\"https:\/\/lespresdeugenie.com\/wp-content\/uploads\/2018\/10\/eugenie_minceur_repas-michel-gastronomique-regime.jpg\">\n        <img decoding=\"async\" style=\"pointer-events: none;\" src=\"https:\/\/lespresdeugenie.com\/wp-content\/uploads\/2018\/10\/eugenie_minceur_repas-michel-gastronomique-regime.jpg\" alt=\"\" \/>\n      <\/li>\n          <\/ul>\n\n\n\n\n<style>\n\nul.gallery{\n  display: flex;\n  flex-direction: row;\n  flex-wrap: wrap;\n  flex: 0 0 100%;\n  padding: 0;\n}\nul.gallery li{\n  display: flex;\n  flex: 1;\n  height: 22vw;\n}\nul.gallery li img,\nul.gallery li video{\n  width: 100%;\n  height: 100%;\n  object-fit: cover;\n  object-position: center;\n}\n\n.nsGallery {\n  position: fixed;\n  width: 100%;\n  height: 100%;\n  top: 0;\n  display: none;\n  background: #7f8c8d;\n  perspective: 1000;\n  visibility: hidden;\n}\n\n.filter {\n  position: absolute;\n  width: 100%;\n  height: 100%;\n  filter: blur(20px);\n  -webkit-filter: blur(20px);\n  opacity: 0.5;\n  background-position: center;\n  background-size: cover;\n}\n\n.nsGallery img, .nsGallery > video:not(.video-decor) {\n  position: absolute;\n  top: 50%;\n  left: 50%;\n  transform: translate(-50%, -50%) rotateY(0deg);\n  max-height: 95vh;\n  max-width: calc(95vw - 100px);\n  transition: 0.8s cubic-bezier(0.7, 0, 0.4, 1);\n  transform-style: preserve-3d;\n  pointer-events: none;\n}\n.video-decor{\n  position: absolute;\n  width: 100%;\n  height: 100%;\n  filter: blur(20px);\n  -webkit-filter: blur(20px);\n  object-fit: cover;\n  z-index: -1;\n}\n\n\n.desc {\n  font-size: 20px;\n  position: absolute;\n  bottom: 0;\n  padding: 25px;\n  background: rgba(0,0,0,0.4);\n  width: 100%;\n  text-align: center;\n  color: #ffffff;\n  z-index: 999;\n}\n\n.desc:empty{\n  display: none;\n}\n\n\n<\/style>\n\n\n\n<div style=\"height:50px\" aria-hidden=\"true\" class=\"wp-block-spacer\"><\/div>\n\n\n\n<div class=\"wp-block-columns is-layout-flex wp-container-core-columns-is-layout-28f84493 wp-block-columns-is-layout-flex\">\n<div class=\"wp-block-column is-layout-flow wp-block-column-is-layout-flow\" style=\"flex-basis:10%\"><\/div>\n\n\n\n<div class=\"wp-block-column is-layout-flow wp-block-column-is-layout-flow\" style=\"flex-basis:80%\">\n<h3 class=\"wp-block-heading\">La Grande Cuisine Minceur<\/h3>\n\n\n\n<p>Hoy en d\u00eda, se basa en principios muy simples:<\/p>\n\n\n\n<ul class=\"wp-block-list\">\n<li><strong>La calidad de los productos<\/strong> que utilizamos en nuestros platos (frutas y verduras de la colina de Eug\u00e9nie y sus alrededores, aves de corral de las Landas, ternera de Chalosse, pescado de San Juan de Luz, etc.). <br>La mayor\u00eda de estos productos proceden <strong>de la agricultura ecol\u00f3gica o con un alto valor medioambiental.<\/strong><\/li>\n\n\n\n<li><strong>Limitaci\u00f3n razonable de la ingesta cal\u00f3rica diaria:<\/strong> entre 1.400 y 1.500 calor\u00edas al d\u00eda, incluyendo desayuno, almuerzo y cena<\/li>\n\n\n\n<li><strong>El equilibrio perfecto<\/strong> de prote\u00ednas de muchas fuentes animales y vegetales, esencialmente carbohidratos complejos, \u00e1cidos grasos de alta calidad y no procesados, as\u00ed como numerosas fibras, vitaminas y oligoelementos<\/li>\n\n\n\n<li><strong>El placer de una comida excepcional<\/strong> que no deja ritmo, \u00a1ni siquiera de postre!<\/li>\n<\/ul>\n\n\n\n<p>Como aperitivo, aqu\u00ed hay <strong>algunas recetas imprescindibles<\/strong> de Grande Cuisine Minceur\u00ae:<\/p>\n\n\n\n<ul class=\"wp-block-list\">\n<li><strong>Entrantes<\/strong>: rollitos de primavera con verduras crujientes, tarta fina templada con setas de Madiran, c\u00e9firo de zanahoria con hierbas, ensalada templada de aves de corral al estilo &#8220;tailand\u00e9s&#8221;, ceviche de dorada gris con mangos, huevo de granja escalfado en capa verde&#8230;<\/li>\n\n\n\n<li><strong>Platos principales<\/strong>: pich\u00f3n a la brasa en chervilade, cassoulet sin pecado de Eugenia, bullabesa de pescado de roca, solomillo de ternera a la brasa con &#8220;l\u00e9ger&#8221; bearn\u00e9s, risotto de calabaza y setas silvestres, trozo de Juan Dory con vadouvan&#8230;<\/li>\n\n\n\n<li><strong>Postres<\/strong>: \u00e9clair de caf\u00e9 suave, isla flotante con verbena de Eugenia, tiramis\u00fa de frambuesa, pera Belle-H\u00e9l\u00e8ne, pomelo tostado con helado de almendras&#8230;<\/li>\n<\/ul>\n\n\n\n<h3 class=\"wp-block-heading\">Informaci\u00f3n pr\u00e1ctica<\/h3>\n\n\n\n<p>Nuestros men\u00fas Adelgazantes se renuevan todos los d\u00edas, para el almuerzo y la cena.<br>Incluyen un entrante, un plato principal y un postre, cuyo valor cal\u00f3rico no supere las 600 calor\u00edas.<\/p>\n\n\n\n<p>Men\u00fa Adelgazante del D\u00eda: 65 \u20ac (bebidas no incluidas)<br>La Grande Cuisine Minceur\u00ae se sirve todos los d\u00edas, para el almuerzo y la cena, previa reserva.<\/p>\n\n\n\n<div class=\"wp-block-buttons is-layout-flex wp-block-buttons-is-layout-flex\">\n<div class=\"wp-block-button is-style-outline is-style-outline--1\"><a class=\"wp-block-button__link wp-element-button\" href=\"mailto:reservation@lespresdeugenie.com\">Enviar un e-mail<\/a><\/div>\n\n\n\n<div class=\"wp-block-button is-style-outline is-style-outline--2\"><a class=\"wp-block-button__link wp-element-button\" href=\"tel:+330558050607\">Llamar<\/a><\/div>\n<\/div>\n<\/div>\n\n\n\n<div class=\"wp-block-column is-layout-flow wp-block-column-is-layout-flow\" style=\"flex-basis:10%\"><\/div>\n<\/div>\n","protected":false},"excerpt":{"rendered":"<p>Michel Gu\u00e9rard dirige esta magia culinaria y diet\u00e9tica, cuyos cimientos sent\u00f3 en 1975 como precursor visionario. Imaginar\u2026 Una cocina tan deliciosa como saludable, respetuosa con la naturaleza.Una cocina abierta a los sabores de la gran tradici\u00f3n francesa, as\u00ed como a los encantos ex\u00f3ticos. Descubrir\u00e1s, como sorpresa, una cocina renovada en cada comida. La Grande Cuisine [&hellip;]<\/p>\n","protected":false},"author":5,"featured_media":77938,"parent":79315,"menu_order":0,"comment_status":"open","ping_status":"open","template":"","meta":{"_acf_changed":false,"footnotes":""},"class_list":["post-79333","page","type-page","status-publish","has-post-thumbnail","hentry"],"acf":[],"yoast_head":"<!-- This site is optimized with the Yoast SEO plugin v26.7 - https:\/\/yoast.com\/wordpress\/plugins\/seo\/ -->\n<title>La gran cocina adelgazante - Les Pr\u00e9s d&#039;Eug\u00e9nie - Maison Gu\u00e9rard<\/title>\n<meta name=\"description\" content=\"Disfrute de la Cocina Adelgazante fundada por Michel Gu\u00e9rard. Descubra nuestros men\u00fas Cuisine Minceur, reserve su mesa en Les Pr\u00e9s d&#039;Eug\u00e9nie.\" \/>\n<meta name=\"robots\" content=\"index, follow, max-snippet:-1, max-image-preview:large, max-video-preview:-1\" \/>\n<link rel=\"canonical\" href=\"https:\/\/lespresdeugenie.com\/es\/restaurantes\/la-gran-cocina-adelgazante\/\" \/>\n<meta property=\"og:locale\" content=\"es_ES\" \/>\n<meta property=\"og:type\" content=\"article\" \/>\n<meta property=\"og:title\" content=\"La gran cocina adelgazante - Les Pr\u00e9s d&#039;Eug\u00e9nie - Maison Gu\u00e9rard\" \/>\n<meta property=\"og:description\" content=\"Disfrute de la Cocina Adelgazante fundada por Michel Gu\u00e9rard. Descubra nuestros men\u00fas Cuisine Minceur, reserve su mesa en Les Pr\u00e9s d&#039;Eug\u00e9nie.\" \/>\n<meta property=\"og:url\" content=\"https:\/\/lespresdeugenie.com\/es\/restaurantes\/la-gran-cocina-adelgazante\/\" \/>\n<meta property=\"og:site_name\" content=\"Les Pr\u00e9s d&#039;Eug\u00e9nie\" \/>\n<meta property=\"article:publisher\" content=\"https:\/\/www.facebook.com\/LesPresdEugenie\/\" \/>\n<meta property=\"article:modified_time\" content=\"2024-05-03T14:28:12+00:00\" \/>\n<meta property=\"og:image\" content=\"https:\/\/lespresdeugenie.com\/wp-content\/uploads\/2018\/10\/grande-cuisine-minceur-guerard-pres-eugenie-sorbet-sud-ouest.jpg\" \/>\n\t<meta property=\"og:image:width\" content=\"2500\" \/>\n\t<meta property=\"og:image:height\" content=\"1918\" \/>\n\t<meta property=\"og:image:type\" content=\"image\/jpeg\" \/>\n<meta name=\"twitter:card\" content=\"summary_large_image\" \/>\n<meta name=\"twitter:label1\" content=\"Tiempo de lectura\" \/>\n\t<meta name=\"twitter:data1\" content=\"3 minutos\" \/>\n<script type=\"application\/ld+json\" class=\"yoast-schema-graph\">{\"@context\":\"https:\/\/schema.org\",\"@graph\":[{\"@type\":\"WebPage\",\"@id\":\"https:\/\/lespresdeugenie.com\/es\/restaurantes\/la-gran-cocina-adelgazante\/\",\"url\":\"https:\/\/lespresdeugenie.com\/es\/restaurantes\/la-gran-cocina-adelgazante\/\",\"name\":\"La gran cocina adelgazante - Les Pr\u00e9s d&#039;Eug\u00e9nie - Maison Gu\u00e9rard\",\"isPartOf\":{\"@id\":\"https:\/\/lespresdeugenie.com\/#website\"},\"primaryImageOfPage\":{\"@id\":\"https:\/\/lespresdeugenie.com\/es\/restaurantes\/la-gran-cocina-adelgazante\/#primaryimage\"},\"image\":{\"@id\":\"https:\/\/lespresdeugenie.com\/es\/restaurantes\/la-gran-cocina-adelgazante\/#primaryimage\"},\"thumbnailUrl\":\"https:\/\/lespresdeugenie.com\/wp-content\/uploads\/2018\/10\/grande-cuisine-minceur-guerard-pres-eugenie-sorbet-sud-ouest.jpg\",\"datePublished\":\"2024-04-30T15:03:09+00:00\",\"dateModified\":\"2024-05-03T14:28:12+00:00\",\"description\":\"Disfrute de la Cocina Adelgazante fundada por Michel Gu\u00e9rard. Descubra nuestros men\u00fas Cuisine Minceur, reserve su mesa en Les Pr\u00e9s d'Eug\u00e9nie.\",\"breadcrumb\":{\"@id\":\"https:\/\/lespresdeugenie.com\/es\/restaurantes\/la-gran-cocina-adelgazante\/#breadcrumb\"},\"inLanguage\":\"es\",\"potentialAction\":[{\"@type\":\"ReadAction\",\"target\":[\"https:\/\/lespresdeugenie.com\/es\/restaurantes\/la-gran-cocina-adelgazante\/\"]}]},{\"@type\":\"ImageObject\",\"inLanguage\":\"es\",\"@id\":\"https:\/\/lespresdeugenie.com\/es\/restaurantes\/la-gran-cocina-adelgazante\/#primaryimage\",\"url\":\"https:\/\/lespresdeugenie.com\/wp-content\/uploads\/2018\/10\/grande-cuisine-minceur-guerard-pres-eugenie-sorbet-sud-ouest.jpg\",\"contentUrl\":\"https:\/\/lespresdeugenie.com\/wp-content\/uploads\/2018\/10\/grande-cuisine-minceur-guerard-pres-eugenie-sorbet-sud-ouest.jpg\",\"width\":2500,\"height\":1918},{\"@type\":\"BreadcrumbList\",\"@id\":\"https:\/\/lespresdeugenie.com\/es\/restaurantes\/la-gran-cocina-adelgazante\/#breadcrumb\",\"itemListElement\":[{\"@type\":\"ListItem\",\"position\":1,\"name\":\"Inicio\",\"item\":\"https:\/\/lespresdeugenie.com\/es\/\"},{\"@type\":\"ListItem\",\"position\":2,\"name\":\"Restaurantes\",\"item\":\"https:\/\/lespresdeugenie.com\/es\/restaurantes\/\"},{\"@type\":\"ListItem\",\"position\":3,\"name\":\"La gran cocina adelgazante\"}]},{\"@type\":\"WebSite\",\"@id\":\"https:\/\/lespresdeugenie.com\/#website\",\"url\":\"https:\/\/lespresdeugenie.com\/\",\"name\":\"Les Pr\u00e9s d'Eugenie - Maison Gu\u00e9rard\",\"description\":\"Maison Gu\u00e9rard\",\"publisher\":{\"@id\":\"https:\/\/lespresdeugenie.com\/#organization\"},\"alternateName\":\"LPDE\",\"potentialAction\":[{\"@type\":\"SearchAction\",\"target\":{\"@type\":\"EntryPoint\",\"urlTemplate\":\"https:\/\/lespresdeugenie.com\/?s={search_term_string}\"},\"query-input\":{\"@type\":\"PropertyValueSpecification\",\"valueRequired\":true,\"valueName\":\"search_term_string\"}}],\"inLanguage\":\"es\"},{\"@type\":\"Organization\",\"@id\":\"https:\/\/lespresdeugenie.com\/#organization\",\"name\":\"Les Pr\u00e9s d'Eugenie - Maison Gu\u00e9rard\",\"url\":\"https:\/\/lespresdeugenie.com\/\",\"logo\":{\"@type\":\"ImageObject\",\"inLanguage\":\"es\",\"@id\":\"https:\/\/lespresdeugenie.com\/#\/schema\/logo\/image\/\",\"url\":\"https:\/\/lespresdeugenie.com\/wp-content\/uploads\/2022\/12\/les-pres-eugenie-logo-1.png\",\"contentUrl\":\"https:\/\/lespresdeugenie.com\/wp-content\/uploads\/2022\/12\/les-pres-eugenie-logo-1.png\",\"width\":269,\"height\":60,\"caption\":\"Les Pr\u00e9s d'Eugenie - Maison Gu\u00e9rard\"},\"image\":{\"@id\":\"https:\/\/lespresdeugenie.com\/#\/schema\/logo\/image\/\"},\"sameAs\":[\"https:\/\/www.facebook.com\/LesPresdEugenie\/\",\"https:\/\/www.instagram.com\/maisons_guerard\/?hl=fr\",\"https:\/\/fr.linkedin.com\/company\/les-pres-d'eugenie\"]}]}<\/script>\n<!-- \/ Yoast SEO plugin. -->","yoast_head_json":{"title":"La gran cocina adelgazante - Les Pr\u00e9s d&#039;Eug\u00e9nie - Maison Gu\u00e9rard","description":"Disfrute de la Cocina Adelgazante fundada por Michel Gu\u00e9rard. Descubra nuestros men\u00fas Cuisine Minceur, reserve su mesa en Les Pr\u00e9s d'Eug\u00e9nie.","robots":{"index":"index","follow":"follow","max-snippet":"max-snippet:-1","max-image-preview":"max-image-preview:large","max-video-preview":"max-video-preview:-1"},"canonical":"https:\/\/lespresdeugenie.com\/es\/restaurantes\/la-gran-cocina-adelgazante\/","og_locale":"es_ES","og_type":"article","og_title":"La gran cocina adelgazante - Les Pr\u00e9s d&#039;Eug\u00e9nie - Maison Gu\u00e9rard","og_description":"Disfrute de la Cocina Adelgazante fundada por Michel Gu\u00e9rard. Descubra nuestros men\u00fas Cuisine Minceur, reserve su mesa en Les Pr\u00e9s d'Eug\u00e9nie.","og_url":"https:\/\/lespresdeugenie.com\/es\/restaurantes\/la-gran-cocina-adelgazante\/","og_site_name":"Les Pr\u00e9s d&#039;Eug\u00e9nie","article_publisher":"https:\/\/www.facebook.com\/LesPresdEugenie\/","article_modified_time":"2024-05-03T14:28:12+00:00","og_image":[{"width":2500,"height":1918,"url":"https:\/\/lespresdeugenie.com\/wp-content\/uploads\/2018\/10\/grande-cuisine-minceur-guerard-pres-eugenie-sorbet-sud-ouest.jpg","type":"image\/jpeg"}],"twitter_card":"summary_large_image","twitter_misc":{"Tiempo de lectura":"3 minutos"},"schema":{"@context":"https:\/\/schema.org","@graph":[{"@type":"WebPage","@id":"https:\/\/lespresdeugenie.com\/es\/restaurantes\/la-gran-cocina-adelgazante\/","url":"https:\/\/lespresdeugenie.com\/es\/restaurantes\/la-gran-cocina-adelgazante\/","name":"La gran cocina adelgazante - Les Pr\u00e9s d&#039;Eug\u00e9nie - Maison Gu\u00e9rard","isPartOf":{"@id":"https:\/\/lespresdeugenie.com\/#website"},"primaryImageOfPage":{"@id":"https:\/\/lespresdeugenie.com\/es\/restaurantes\/la-gran-cocina-adelgazante\/#primaryimage"},"image":{"@id":"https:\/\/lespresdeugenie.com\/es\/restaurantes\/la-gran-cocina-adelgazante\/#primaryimage"},"thumbnailUrl":"https:\/\/lespresdeugenie.com\/wp-content\/uploads\/2018\/10\/grande-cuisine-minceur-guerard-pres-eugenie-sorbet-sud-ouest.jpg","datePublished":"2024-04-30T15:03:09+00:00","dateModified":"2024-05-03T14:28:12+00:00","description":"Disfrute de la Cocina Adelgazante fundada por Michel Gu\u00e9rard. Descubra nuestros men\u00fas Cuisine Minceur, reserve su mesa en Les Pr\u00e9s d'Eug\u00e9nie.","breadcrumb":{"@id":"https:\/\/lespresdeugenie.com\/es\/restaurantes\/la-gran-cocina-adelgazante\/#breadcrumb"},"inLanguage":"es","potentialAction":[{"@type":"ReadAction","target":["https:\/\/lespresdeugenie.com\/es\/restaurantes\/la-gran-cocina-adelgazante\/"]}]},{"@type":"ImageObject","inLanguage":"es","@id":"https:\/\/lespresdeugenie.com\/es\/restaurantes\/la-gran-cocina-adelgazante\/#primaryimage","url":"https:\/\/lespresdeugenie.com\/wp-content\/uploads\/2018\/10\/grande-cuisine-minceur-guerard-pres-eugenie-sorbet-sud-ouest.jpg","contentUrl":"https:\/\/lespresdeugenie.com\/wp-content\/uploads\/2018\/10\/grande-cuisine-minceur-guerard-pres-eugenie-sorbet-sud-ouest.jpg","width":2500,"height":1918},{"@type":"BreadcrumbList","@id":"https:\/\/lespresdeugenie.com\/es\/restaurantes\/la-gran-cocina-adelgazante\/#breadcrumb","itemListElement":[{"@type":"ListItem","position":1,"name":"Inicio","item":"https:\/\/lespresdeugenie.com\/es\/"},{"@type":"ListItem","position":2,"name":"Restaurantes","item":"https:\/\/lespresdeugenie.com\/es\/restaurantes\/"},{"@type":"ListItem","position":3,"name":"La gran cocina adelgazante"}]},{"@type":"WebSite","@id":"https:\/\/lespresdeugenie.com\/#website","url":"https:\/\/lespresdeugenie.com\/","name":"Les Pr\u00e9s d'Eugenie - Maison Gu\u00e9rard","description":"Maison Gu\u00e9rard","publisher":{"@id":"https:\/\/lespresdeugenie.com\/#organization"},"alternateName":"LPDE","potentialAction":[{"@type":"SearchAction","target":{"@type":"EntryPoint","urlTemplate":"https:\/\/lespresdeugenie.com\/?s={search_term_string}"},"query-input":{"@type":"PropertyValueSpecification","valueRequired":true,"valueName":"search_term_string"}}],"inLanguage":"es"},{"@type":"Organization","@id":"https:\/\/lespresdeugenie.com\/#organization","name":"Les Pr\u00e9s d'Eugenie - Maison Gu\u00e9rard","url":"https:\/\/lespresdeugenie.com\/","logo":{"@type":"ImageObject","inLanguage":"es","@id":"https:\/\/lespresdeugenie.com\/#\/schema\/logo\/image\/","url":"https:\/\/lespresdeugenie.com\/wp-content\/uploads\/2022\/12\/les-pres-eugenie-logo-1.png","contentUrl":"https:\/\/lespresdeugenie.com\/wp-content\/uploads\/2022\/12\/les-pres-eugenie-logo-1.png","width":269,"height":60,"caption":"Les Pr\u00e9s d'Eugenie - Maison Gu\u00e9rard"},"image":{"@id":"https:\/\/lespresdeugenie.com\/#\/schema\/logo\/image\/"},"sameAs":["https:\/\/www.facebook.com\/LesPresdEugenie\/","https:\/\/www.instagram.com\/maisons_guerard\/?hl=fr","https:\/\/fr.linkedin.com\/company\/les-pres-d'eugenie"]}]}},"_links":{"self":[{"href":"https:\/\/lespresdeugenie.com\/es\/wp-json\/wp\/v2\/pages\/79333","targetHints":{"allow":["GET"]}}],"collection":[{"href":"https:\/\/lespresdeugenie.com\/es\/wp-json\/wp\/v2\/pages"}],"about":[{"href":"https:\/\/lespresdeugenie.com\/es\/wp-json\/wp\/v2\/types\/page"}],"author":[{"embeddable":true,"href":"https:\/\/lespresdeugenie.com\/es\/wp-json\/wp\/v2\/users\/5"}],"replies":[{"embeddable":true,"href":"https:\/\/lespresdeugenie.com\/es\/wp-json\/wp\/v2\/comments?post=79333"}],"version-history":[{"count":2,"href":"https:\/\/lespresdeugenie.com\/es\/wp-json\/wp\/v2\/pages\/79333\/revisions"}],"predecessor-version":[{"id":79336,"href":"https:\/\/lespresdeugenie.com\/es\/wp-json\/wp\/v2\/pages\/79333\/revisions\/79336"}],"up":[{"embeddable":true,"href":"https:\/\/lespresdeugenie.com\/es\/wp-json\/wp\/v2\/pages\/79315"}],"wp:featuredmedia":[{"embeddable":true,"href":"https:\/\/lespresdeugenie.com\/es\/wp-json\/wp\/v2\/media\/77938"}],"wp:attachment":[{"href":"https:\/\/lespresdeugenie.com\/es\/wp-json\/wp\/v2\/media?parent=79333"}],"curies":[{"name":"wp","href":"https:\/\/api.w.org\/{rel}","templated":true}]}}