{"id":79243,"date":"2024-04-30T09:24:07","date_gmt":"2024-04-30T07:24:07","guid":{"rendered":"https:\/\/lespresdeugenie.com\/?post_type=room&#038;p=79243"},"modified":"2026-04-27T17:52:55","modified_gmt":"2026-04-27T15:52:55","slug":"habitaciones-clasicas-y-superiores","status":"publish","type":"room","link":"https:\/\/lespresdeugenie.com\/es\/les-chambres\/habitaciones-clasicas-y-superiores\/","title":{"rendered":"Habitaciones Cl\u00e1sicas y Superiores"},"content":{"rendered":"\n<div class=\"wp-block-cover is-light has-custom-content-position is-position-bottom-center\" style=\"min-height:80vh;aspect-ratio:unset;\"><img decoding=\"async\" width=\"2000\" height=\"1642\" class=\"wp-block-cover__image-background wp-image-83415\" alt=\"\" src=\"https:\/\/lespresdeugenie.com\/wp-content\/uploads\/2022\/12\/lespresdeugenie_boutondor.jpg\" style=\"object-position:32% 34%\" data-object-fit=\"cover\" data-object-position=\"32% 34%\" srcset=\"https:\/\/lespresdeugenie.com\/wp-content\/uploads\/2022\/12\/lespresdeugenie_boutondor.jpg 2000w, https:\/\/lespresdeugenie.com\/wp-content\/uploads\/2022\/12\/lespresdeugenie_boutondor-300x246.jpg 300w, https:\/\/lespresdeugenie.com\/wp-content\/uploads\/2022\/12\/lespresdeugenie_boutondor-1024x841.jpg 1024w, https:\/\/lespresdeugenie.com\/wp-content\/uploads\/2022\/12\/lespresdeugenie_boutondor-768x631.jpg 768w, https:\/\/lespresdeugenie.com\/wp-content\/uploads\/2022\/12\/lespresdeugenie_boutondor-1536x1261.jpg 1536w, https:\/\/lespresdeugenie.com\/wp-content\/uploads\/2022\/12\/lespresdeugenie_boutondor-1000x821.jpg 1000w\" sizes=\"(max-width: 2000px) 100vw, 2000px\" \/><span aria-hidden=\"true\" class=\"wp-block-cover__background has-background-dim-20 has-background-dim\" style=\"background-color:#b6a295\"><\/span><div class=\"wp-block-cover__inner-container is-layout-flow wp-block-cover-is-layout-flow\">\n<div class=\"wp-block-group has-white-background-color has-background is-layout-constrained wp-block-group-is-layout-constrained\">\n<h1 class=\"wp-block-heading has-text-align-center\">Habitaciones Cl\u00e1sicas y Superiores<\/h1>\n<\/div>\n<\/div><\/div>\n\n\n\n<div style=\"height:100px\" aria-hidden=\"true\" class=\"wp-block-spacer\"><\/div>\n\n\n\n<div class=\"wp-block-columns is-layout-flex wp-container-core-columns-is-layout-28f84493 wp-block-columns-is-layout-flex\">\n<div class=\"wp-block-column is-layout-flow wp-block-column-is-layout-flow\" style=\"flex-basis:15%\"><\/div>\n\n\n\n<div class=\"wp-block-column is-layout-flow wp-block-column-is-layout-flow\" style=\"flex-basis:70%\">\n<p><strong>Nuestras habitaciones cl\u00e1sicas y superiores<\/strong> se comunican directamente con los salones y los restaurantes.<\/p>\n\n\n\n<p>Con un tama\u00f1o de 30 m\u00b2 para las habitaciones cl\u00e1sicas, y de 32 a 36 m\u00b2 para las habitaciones superiores, todas cuentan con balc\u00f3n o terraza y una hermosa vista, ya sea a los jardines. <\/p>\n\n\n\n<p><strong>Algunas de nuestras habitaciones superiores son comunicantes.<\/strong><\/p>\n\n\n\n<div class=\"wp-block-group is-layout-constrained wp-container-core-group-is-layout-704e782a wp-block-group-is-layout-constrained\">\n<div class=\"wp-block-columns is-layout-flex wp-container-core-columns-is-layout-28f84493 wp-block-columns-is-layout-flex\">\n<div class=\"wp-block-column is-layout-flow wp-block-column-is-layout-flow\">\n<h2 class=\"wp-block-heading has-text-align-center\">Cl\u00e1sicas<\/h2>\n\n\n<button class=\"namastay-offer-button\" type=\"button\" data-offer='{&quot;roomId&quot;:&quot;GMCLS&quot;}'>Reservar<\/button>\n<\/div>\n\n\n\n<div class=\"wp-block-column is-layout-flow wp-block-column-is-layout-flow\">\n<h2 class=\"wp-block-heading has-text-align-center\">Superiores<\/h2>\n\n\n<button class=\"namastay-offer-button\" type=\"button\" data-offer='{&quot;roomId&quot;:&quot;GMSUP&quot;}'>Reservar<\/button>\n<\/div>\n<\/div>\n<\/div>\n<\/div>\n\n\n\n<div class=\"wp-block-column is-layout-flow wp-block-column-is-layout-flow\" style=\"flex-basis:15%\"><\/div>\n<\/div>\n\n\n\n  <div id=\"dSwiperblock_0a74554d3992384d140a56fbf3a2554b\" class=\"dSwiper d-swiper-container d-parallax-effect--enabled has-click-actions\" data-swiper={\"parallax\":true,\"breakpoints\":{\"0\":{\"slidesPerView\":1.2},\"768\":{\"slidesPerView\":2.25}}}>\n    <div class=\"swiper-wrapper\">\n      \n      <div class=\"swiper-slide\">\n\n                                <div class=\"slide-e-image-holder\" data-swiper-parallax=\"10%\">\n              <div class=\"slide-e-image\" style=\"background-image: url(https:\/\/lespresdeugenie.com\/wp-content\/uploads\/2022\/12\/Les-Pres-dEugenie-Chambres-4.jpg)\" data-desc=\"\" data-image=\"https:\/\/lespresdeugenie.com\/wp-content\/uploads\/2022\/12\/Les-Pres-dEugenie-Chambres-4.jpg\">\n                <!-- <div class=\"slide-e-image\"> -->\n                <img decoding=\"async\" src=\"https:\/\/lespresdeugenie.com\/wp-content\/uploads\/2022\/12\/Les-Pres-dEugenie-Chambres-4.jpg\"\n                sizes=\"(max-width: 2000px) 100vw, 2000px\"\n                srcset=\"https:\/\/lespresdeugenie.com\/wp-content\/uploads\/2022\/12\/Les-Pres-dEugenie-Chambres-4.jpg 1000w,\n                https:\/\/lespresdeugenie.com\/wp-content\/uploads\/2022\/12\/Les-Pres-dEugenie-Chambres-4.jpg 1024w,\n                https:\/\/lespresdeugenie.com\/wp-content\/uploads\/2022\/12\/Les-Pres-dEugenie-Chambres-4-768x512.jpg 768w\"\n                alt=\"Les Pr\u00e9s d'Eug\u00e9nie - Chambres (4)\">\n              <\/div>\n            <\/div>\n                      \n        <\/div>\n\n      \n      <div class=\"swiper-slide\">\n\n                                <div class=\"slide-e-image-holder\" data-swiper-parallax=\"10%\">\n              <div class=\"slide-e-image\" style=\"background-image: url(https:\/\/lespresdeugenie.com\/wp-content\/uploads\/2022\/12\/Les-Pres-dEugenie-Chambres-14.jpg)\" data-desc=\"\" data-image=\"https:\/\/lespresdeugenie.com\/wp-content\/uploads\/2022\/12\/Les-Pres-dEugenie-Chambres-14.jpg\">\n                <!-- <div class=\"slide-e-image\"> -->\n                <img decoding=\"async\" src=\"https:\/\/lespresdeugenie.com\/wp-content\/uploads\/2022\/12\/Les-Pres-dEugenie-Chambres-14.jpg\"\n                sizes=\"(max-width: 2000px) 100vw, 2000px\"\n                srcset=\"https:\/\/lespresdeugenie.com\/wp-content\/uploads\/2022\/12\/Les-Pres-dEugenie-Chambres-14.jpg 1000w,\n                https:\/\/lespresdeugenie.com\/wp-content\/uploads\/2022\/12\/Les-Pres-dEugenie-Chambres-14-683x1024.jpg 1024w,\n                https:\/\/lespresdeugenie.com\/wp-content\/uploads\/2022\/12\/Les-Pres-dEugenie-Chambres-14-768x1152.jpg 768w\"\n                alt=\"Les Pr\u00e9s d'Eug\u00e9nie - Chambres (14)\">\n              <\/div>\n            <\/div>\n                      \n        <\/div>\n\n      \n      <div class=\"swiper-slide\">\n\n                                <div class=\"slide-e-image-holder\" data-swiper-parallax=\"10%\">\n              <div class=\"slide-e-image\" style=\"background-image: url(https:\/\/lespresdeugenie.com\/wp-content\/uploads\/2022\/12\/Les-Pres-dEugenie-Chambres-3.jpg)\" data-desc=\"\" data-image=\"https:\/\/lespresdeugenie.com\/wp-content\/uploads\/2022\/12\/Les-Pres-dEugenie-Chambres-3.jpg\">\n                <!-- <div class=\"slide-e-image\"> -->\n                <img decoding=\"async\" src=\"https:\/\/lespresdeugenie.com\/wp-content\/uploads\/2022\/12\/Les-Pres-dEugenie-Chambres-3.jpg\"\n                sizes=\"(max-width: 2000px) 100vw, 2000px\"\n                srcset=\"https:\/\/lespresdeugenie.com\/wp-content\/uploads\/2022\/12\/Les-Pres-dEugenie-Chambres-3.jpg 1000w,\n                https:\/\/lespresdeugenie.com\/wp-content\/uploads\/2022\/12\/Les-Pres-dEugenie-Chambres-3.jpg 1024w,\n                https:\/\/lespresdeugenie.com\/wp-content\/uploads\/2022\/12\/Les-Pres-dEugenie-Chambres-3-768x512.jpg 768w\"\n                alt=\"Les Pr\u00e9s d'Eug\u00e9nie - Chambres (3)\">\n              <\/div>\n            <\/div>\n                      \n        <\/div>\n\n      \n      <div class=\"swiper-slide\">\n\n                                <div class=\"slide-e-image-holder\" data-swiper-parallax=\"10%\">\n              <div class=\"slide-e-image\" style=\"background-image: url(https:\/\/lespresdeugenie.com\/wp-content\/uploads\/2022\/12\/Les-Pres-dEugenie-Chambres-47.jpg)\" data-desc=\"\" data-image=\"https:\/\/lespresdeugenie.com\/wp-content\/uploads\/2022\/12\/Les-Pres-dEugenie-Chambres-47.jpg\">\n                <!-- <div class=\"slide-e-image\"> -->\n                <img decoding=\"async\" src=\"https:\/\/lespresdeugenie.com\/wp-content\/uploads\/2022\/12\/Les-Pres-dEugenie-Chambres-47.jpg\"\n                sizes=\"(max-width: 2000px) 100vw, 2000px\"\n                srcset=\"https:\/\/lespresdeugenie.com\/wp-content\/uploads\/2022\/12\/Les-Pres-dEugenie-Chambres-47.jpg 1000w,\n                https:\/\/lespresdeugenie.com\/wp-content\/uploads\/2022\/12\/Les-Pres-dEugenie-Chambres-47.jpg 1024w,\n                https:\/\/lespresdeugenie.com\/wp-content\/uploads\/2022\/12\/Les-Pres-dEugenie-Chambres-47-768x512.jpg 768w\"\n                alt=\"Les Pr\u00e9s d'Eug\u00e9nie - Chambres (47)\">\n              <\/div>\n            <\/div>\n                      \n        <\/div>\n\n      \n      <div class=\"swiper-slide\">\n\n                                <div class=\"slide-e-image-holder\" data-swiper-parallax=\"10%\">\n              <div class=\"slide-e-image\" style=\"background-image: url(https:\/\/lespresdeugenie.com\/wp-content\/uploads\/2018\/10\/chambre_classique_grande-maison-palace-nouvelle-aquitaine-petit-dejeuner.jpg)\" data-desc=\"\" data-image=\"https:\/\/lespresdeugenie.com\/wp-content\/uploads\/2018\/10\/chambre_classique_grande-maison-palace-nouvelle-aquitaine-petit-dejeuner.jpg\">\n                <!-- <div class=\"slide-e-image\"> -->\n                <img decoding=\"async\" src=\"https:\/\/lespresdeugenie.com\/wp-content\/uploads\/2018\/10\/chambre_classique_grande-maison-palace-nouvelle-aquitaine-petit-dejeuner.jpg\"\n                sizes=\"(max-width: 2000px) 100vw, 2000px\"\n                srcset=\"https:\/\/lespresdeugenie.com\/wp-content\/uploads\/2018\/10\/chambre_classique_grande-maison-palace-nouvelle-aquitaine-petit-dejeuner.jpg 2500w,\n                https:\/\/lespresdeugenie.com\/wp-content\/uploads\/2018\/10\/chambre_classique_grande-maison-palace-nouvelle-aquitaine-petit-dejeuner-1024x683.jpg 1024w,\n                https:\/\/lespresdeugenie.com\/wp-content\/uploads\/2018\/10\/chambre_classique_grande-maison-palace-nouvelle-aquitaine-petit-dejeuner-768x512.jpg 768w\"\n                alt=\"chambre_classique_grande-maison-palace-nouvelle-aquitaine-petit-dejeuner\">\n              <\/div>\n            <\/div>\n                      \n        <\/div>\n\n          <\/div>\n    <!-- If we need navigation buttons -->\n    <div class=\"swiper-button swiper-button-prev d-flex\" style=\"background:transparent;border:0;\" tabindex=\"0\" role=\"button\" aria-label=\"Previous slide\">\n      <svg xmlns=\"http:\/\/www.w3.org\/2000\/svg\" width=\"25.456\" height=\"48.083\" viewBox=\"0 0 25.456 48.083\">\n        <rect class=\"qodef-m-oblique\" width=\"100%\" height=\"100%\" transform=\"translate(1.414 22.627) rotate(45)\"><\/rect>\n        <rect class=\"qodef-m-oblique\" width=\"100%\" height=\"100%\" transform=\"translate(0 24.042) rotate(-45)\"><\/rect>\n        <rect class=\"qodef-m-horizontal\" transform=\"translate(2.433 23.042)\"><\/rect>\n      <\/svg>\n    <\/div>\n    <div class=\"swiper-button swiper-button-next d-flex\" style=\"background:transparent;border:0;\" tabindex=\"0\" role=\"button\" aria-label=\"Next slide\">\n      <svg xmlns=\"http:\/\/www.w3.org\/2000\/svg\" width=\"25.456\" height=\"48.083\" viewBox=\"0 0 25.456 48.083\">\n        <rect class=\"qodef-m-oblique\" width=\"100%\" height=\"100%\" transform=\"translate(1.414 22.627) rotate(45)\"><\/rect>\n        <rect class=\"qodef-m-oblique\" width=\"100%\" height=\"100%\" transform=\"translate(0 24.042) rotate(-45)\"><\/rect>\n        <rect class=\"qodef-m-horizontal\" transform=\"translate(2.433 23.042)\"><\/rect>\n      <\/svg>\n    <\/div>\n\n    <span class=\"swiper-notification\" aria-live=\"assertive\" aria-atomic=\"true\"><\/span>\n\n  <\/div>\n\n\n<style>\n.nsGallery {\n  position: fixed;\n  width: 100%;\n  height: 100%;\n  top: 0;\n  display: none;\n  background: #7f8c8d;\n  perspective: 1000;\n  visibility: hidden;\n}\n\n.filter {\n  position: absolute;\n  width: 100%;\n  height: 100%;\n  filter: blur(20px);\n  -webkit-filter: blur(20px);\n  opacity: 0.5;\n  background-position: center;\n  background-size: cover;\n}\n\n.nsGallery img {\n  position: absolute;\n  top: 50%;\n  left: 50%;\n  transform: translate(-50%, -50%) rotateY(0deg);\n  max-height: 95vh;\n  max-width: calc(95vw - 100px);\n  transition: 0.8s cubic-bezier(0.7, 0, 0.4, 1);\n  transform-style: preserve-3d;\n  pointer-events: none;\n}\n\n.desc {\n  font-size: 20px;\n  position: absolute;\n  bottom: 0;\n  padding: 25px;\n  background: rgba(0,0,0,0.4);\n  width: 100%;\n  text-align: center;\n  color: #ffffff;\n  z-index: 999;\n}\n\n.desc:empty{\n  display: none;\n}\n<\/style>\n\n\n<div style=\"height:50px\" aria-hidden=\"true\" class=\"wp-block-spacer\"><\/div>\n\n\n\n<h3 class=\"wp-block-heading has-text-align-center\">CARACTER\u00cdSTICAS Y SERVICIOS DE LAS HABITACIONES<\/h3>\n\n\n\n<div style=\"height:50px\" aria-hidden=\"true\" class=\"wp-block-spacer\"><\/div>\n\n\n\n<div class=\"wp-block-columns is-layout-flex wp-container-core-columns-is-layout-28f84493 wp-block-columns-is-layout-flex\">\n<div class=\"wp-block-column is-layout-flow wp-block-column-is-layout-flow\" style=\"flex-basis:10%\"><\/div>\n\n\n\n<div class=\"wp-block-column is-layout-flow wp-block-column-is-layout-flow\">\n<p class=\"has-text-align-center\">Unos 30 m\u00b2<\/p>\n\n\n\n<p class=\"has-text-align-center\">Cama doble (180 cm) o 2 camas individuales<\/p>\n\n\n\n<p class=\"has-text-align-center\">Aire acondicionado<\/p>\n\n\n\n<p class=\"has-text-align-center\">Conexi\u00f3n Wi-Fi de alta velocidad<\/p>\n\n\n\n<p class=\"has-text-align-center\">Smart TV con Chromecast<\/p>\n\n\n\n<p class=\"has-text-align-center\">Altavoz Bluetooth Tivoli<\/p>\n\n\n\n<p class=\"has-text-align-center\">Tel\u00e9fono directo (local e internacional)<\/p>\n<\/div>\n\n\n\n<div class=\"wp-block-column is-layout-flow wp-block-column-is-layout-flow\">\n<p class=\"has-text-align-center\">Servicio de habitaciones 24 horas<\/p>\n\n\n\n<p class=\"has-text-align-center\">Minibar<\/p>\n\n\n\n<p class=\"has-text-align-center\">Hervidora de agua e infusiones org\u00e1nicas<\/p>\n\n\n\n<p class=\"has-text-align-center\">Ba\u00f1o con ba\u00f1era o ducha<\/p>\n\n\n\n<p class=\"has-text-align-center\">Aseo separado<\/p>\n\n\n\n<p class=\"has-text-align-center\">Albornoces, zapatillas y cosm\u00e9tica ecologica<\/p>\n\n\n\n<p class=\"has-text-align-center\">Secador de pelo y espejo de aumento<\/p>\n<\/div>\n\n\n\n<div class=\"wp-block-column is-layout-flow wp-block-column-is-layout-flow\" style=\"flex-basis:10%\"><\/div>\n<\/div>\n\n\n\n<p class=\"has-text-align-center has-engebrechtre-font-family has-medium-font-size\"><strong>Desde 270 \u20ac<\/strong><\/p>\n\n\n\n<div style=\"height:100px\" aria-hidden=\"true\" class=\"wp-block-spacer\"><\/div>\n","protected":false},"excerpt":{"rendered":"<p>Nuestras habitaciones cl\u00e1sicas y superiores se comunican directamente con los salones y los restaurantes. Con un tama\u00f1o de 30 m\u00b2 para las habitaciones cl\u00e1sicas, y de 32 a 36 m\u00b2 para las habitaciones superiores, todas cuentan con balc\u00f3n o terraza y una hermosa vista, ya sea a los jardines. Algunas de nuestras habitaciones superiores son [&hellip;]<\/p>\n","protected":false},"featured_media":83409,"template":"","meta":{"_acf_changed":false},"chambres-categorie":[366],"class_list":["post-79243","room","type-room","status-publish","has-post-thumbnail","hentry","chambres-categorie-habitaciones"],"acf":[],"yoast_head":"<!-- This site is optimized with the Yoast SEO plugin v26.7 - https:\/\/yoast.com\/wordpress\/plugins\/seo\/ -->\n<title>Habitaciones Cl\u00e1sicas y Superiores - Les Pr\u00e9s d&#039;Eug\u00e9nie - Maison Gu\u00e9rard<\/title>\n<meta name=\"description\" content=\"Las habitaciones cl\u00e1sicas y superiores de Les Pr\u00e9s d&#039;Eug\u00e9nie tienen balcones con hermosas vistas. Reserve ahora su estancia.\" \/>\n<meta name=\"robots\" content=\"index, follow, max-snippet:-1, max-image-preview:large, max-video-preview:-1\" \/>\n<link rel=\"canonical\" href=\"https:\/\/lespresdeugenie.com\/es\/les-chambres\/habitaciones-clasicas-y-superiores\/\" \/>\n<meta property=\"og:locale\" content=\"es_ES\" \/>\n<meta property=\"og:type\" content=\"article\" \/>\n<meta property=\"og:title\" content=\"Habitaciones Cl\u00e1sicas y Superiores - Les Pr\u00e9s d&#039;Eug\u00e9nie - Maison Gu\u00e9rard\" \/>\n<meta property=\"og:description\" content=\"Las habitaciones cl\u00e1sicas y superiores de Les Pr\u00e9s d&#039;Eug\u00e9nie tienen balcones con hermosas vistas. Reserve ahora su estancia.\" \/>\n<meta property=\"og:url\" content=\"https:\/\/lespresdeugenie.com\/es\/les-chambres\/habitaciones-clasicas-y-superiores\/\" \/>\n<meta property=\"og:site_name\" content=\"Les Pr\u00e9s d&#039;Eug\u00e9nie\" \/>\n<meta property=\"article:publisher\" content=\"https:\/\/www.facebook.com\/LesPresdEugenie\/\" \/>\n<meta property=\"article:modified_time\" content=\"2026-04-27T15:52:55+00:00\" \/>\n<meta property=\"og:image\" content=\"https:\/\/lespresdeugenie.com\/wp-content\/uploads\/2022\/12\/Les-pres-dEugenie-chambre-sup.jpg\" \/>\n\t<meta property=\"og:image:width\" content=\"1223\" \/>\n\t<meta property=\"og:image:height\" content=\"1007\" \/>\n\t<meta property=\"og:image:type\" content=\"image\/jpeg\" \/>\n<meta name=\"twitter:card\" content=\"summary_large_image\" \/>\n<meta name=\"twitter:label1\" content=\"Tiempo de lectura\" \/>\n\t<meta name=\"twitter:data1\" content=\"2 minutos\" \/>\n<script type=\"application\/ld+json\" class=\"yoast-schema-graph\">{\"@context\":\"https:\/\/schema.org\",\"@graph\":[{\"@type\":\"WebPage\",\"@id\":\"https:\/\/lespresdeugenie.com\/es\/les-chambres\/habitaciones-clasicas-y-superiores\/\",\"url\":\"https:\/\/lespresdeugenie.com\/es\/les-chambres\/habitaciones-clasicas-y-superiores\/\",\"name\":\"Habitaciones Cl\u00e1sicas y Superiores - Les Pr\u00e9s d&#039;Eug\u00e9nie - Maison Gu\u00e9rard\",\"isPartOf\":{\"@id\":\"https:\/\/lespresdeugenie.com\/#website\"},\"primaryImageOfPage\":{\"@id\":\"https:\/\/lespresdeugenie.com\/es\/les-chambres\/habitaciones-clasicas-y-superiores\/#primaryimage\"},\"image\":{\"@id\":\"https:\/\/lespresdeugenie.com\/es\/les-chambres\/habitaciones-clasicas-y-superiores\/#primaryimage\"},\"thumbnailUrl\":\"https:\/\/lespresdeugenie.com\/wp-content\/uploads\/2022\/12\/Les-pres-dEugenie-chambre-sup.jpg\",\"datePublished\":\"2024-04-30T07:24:07+00:00\",\"dateModified\":\"2026-04-27T15:52:55+00:00\",\"description\":\"Las habitaciones cl\u00e1sicas y superiores de Les Pr\u00e9s d'Eug\u00e9nie tienen balcones con hermosas vistas. Reserve ahora su estancia.\",\"breadcrumb\":{\"@id\":\"https:\/\/lespresdeugenie.com\/es\/les-chambres\/habitaciones-clasicas-y-superiores\/#breadcrumb\"},\"inLanguage\":\"es\",\"potentialAction\":[{\"@type\":\"ReadAction\",\"target\":[\"https:\/\/lespresdeugenie.com\/es\/les-chambres\/habitaciones-clasicas-y-superiores\/\"]}]},{\"@type\":\"ImageObject\",\"inLanguage\":\"es\",\"@id\":\"https:\/\/lespresdeugenie.com\/es\/les-chambres\/habitaciones-clasicas-y-superiores\/#primaryimage\",\"url\":\"https:\/\/lespresdeugenie.com\/wp-content\/uploads\/2022\/12\/Les-pres-dEugenie-chambre-sup.jpg\",\"contentUrl\":\"https:\/\/lespresdeugenie.com\/wp-content\/uploads\/2022\/12\/Les-pres-dEugenie-chambre-sup.jpg\",\"width\":1223,\"height\":1007},{\"@type\":\"BreadcrumbList\",\"@id\":\"https:\/\/lespresdeugenie.com\/es\/les-chambres\/habitaciones-clasicas-y-superiores\/#breadcrumb\",\"itemListElement\":[{\"@type\":\"ListItem\",\"position\":1,\"name\":\"Inicio\",\"item\":\"https:\/\/lespresdeugenie.com\/es\/\"},{\"@type\":\"ListItem\",\"position\":2,\"name\":\"Habitaciones\",\"item\":\"https:\/\/lespresdeugenie.com\/es\/chambres-categorie\/habitaciones\/\"},{\"@type\":\"ListItem\",\"position\":3,\"name\":\"Habitaciones Cl\u00e1sicas y Superiores\"}]},{\"@type\":\"WebSite\",\"@id\":\"https:\/\/lespresdeugenie.com\/#website\",\"url\":\"https:\/\/lespresdeugenie.com\/\",\"name\":\"Les Pr\u00e9s d'Eugenie - Maison Gu\u00e9rard\",\"description\":\"Maison Gu\u00e9rard\",\"publisher\":{\"@id\":\"https:\/\/lespresdeugenie.com\/#organization\"},\"alternateName\":\"LPDE\",\"potentialAction\":[{\"@type\":\"SearchAction\",\"target\":{\"@type\":\"EntryPoint\",\"urlTemplate\":\"https:\/\/lespresdeugenie.com\/?s={search_term_string}\"},\"query-input\":{\"@type\":\"PropertyValueSpecification\",\"valueRequired\":true,\"valueName\":\"search_term_string\"}}],\"inLanguage\":\"es\"},{\"@type\":\"Organization\",\"@id\":\"https:\/\/lespresdeugenie.com\/#organization\",\"name\":\"Les Pr\u00e9s d'Eugenie - Maison Gu\u00e9rard\",\"url\":\"https:\/\/lespresdeugenie.com\/\",\"logo\":{\"@type\":\"ImageObject\",\"inLanguage\":\"es\",\"@id\":\"https:\/\/lespresdeugenie.com\/#\/schema\/logo\/image\/\",\"url\":\"https:\/\/lespresdeugenie.com\/wp-content\/uploads\/2022\/12\/les-pres-eugenie-logo-1.png\",\"contentUrl\":\"https:\/\/lespresdeugenie.com\/wp-content\/uploads\/2022\/12\/les-pres-eugenie-logo-1.png\",\"width\":269,\"height\":60,\"caption\":\"Les Pr\u00e9s d'Eugenie - Maison Gu\u00e9rard\"},\"image\":{\"@id\":\"https:\/\/lespresdeugenie.com\/#\/schema\/logo\/image\/\"},\"sameAs\":[\"https:\/\/www.facebook.com\/LesPresdEugenie\/\",\"https:\/\/www.instagram.com\/maisons_guerard\/?hl=fr\",\"https:\/\/fr.linkedin.com\/company\/les-pres-d'eugenie\"]}]}<\/script>\n<!-- \/ Yoast SEO plugin. -->","yoast_head_json":{"title":"Habitaciones Cl\u00e1sicas y Superiores - Les Pr\u00e9s d&#039;Eug\u00e9nie - Maison Gu\u00e9rard","description":"Las habitaciones cl\u00e1sicas y superiores de Les Pr\u00e9s d'Eug\u00e9nie tienen balcones con hermosas vistas. Reserve ahora su estancia.","robots":{"index":"index","follow":"follow","max-snippet":"max-snippet:-1","max-image-preview":"max-image-preview:large","max-video-preview":"max-video-preview:-1"},"canonical":"https:\/\/lespresdeugenie.com\/es\/les-chambres\/habitaciones-clasicas-y-superiores\/","og_locale":"es_ES","og_type":"article","og_title":"Habitaciones Cl\u00e1sicas y Superiores - Les Pr\u00e9s d&#039;Eug\u00e9nie - Maison Gu\u00e9rard","og_description":"Las habitaciones cl\u00e1sicas y superiores de Les Pr\u00e9s d'Eug\u00e9nie tienen balcones con hermosas vistas. Reserve ahora su estancia.","og_url":"https:\/\/lespresdeugenie.com\/es\/les-chambres\/habitaciones-clasicas-y-superiores\/","og_site_name":"Les Pr\u00e9s d&#039;Eug\u00e9nie","article_publisher":"https:\/\/www.facebook.com\/LesPresdEugenie\/","article_modified_time":"2026-04-27T15:52:55+00:00","og_image":[{"width":1223,"height":1007,"url":"https:\/\/lespresdeugenie.com\/wp-content\/uploads\/2022\/12\/Les-pres-dEugenie-chambre-sup.jpg","type":"image\/jpeg"}],"twitter_card":"summary_large_image","twitter_misc":{"Tiempo de lectura":"2 minutos"},"schema":{"@context":"https:\/\/schema.org","@graph":[{"@type":"WebPage","@id":"https:\/\/lespresdeugenie.com\/es\/les-chambres\/habitaciones-clasicas-y-superiores\/","url":"https:\/\/lespresdeugenie.com\/es\/les-chambres\/habitaciones-clasicas-y-superiores\/","name":"Habitaciones Cl\u00e1sicas y Superiores - Les Pr\u00e9s d&#039;Eug\u00e9nie - Maison Gu\u00e9rard","isPartOf":{"@id":"https:\/\/lespresdeugenie.com\/#website"},"primaryImageOfPage":{"@id":"https:\/\/lespresdeugenie.com\/es\/les-chambres\/habitaciones-clasicas-y-superiores\/#primaryimage"},"image":{"@id":"https:\/\/lespresdeugenie.com\/es\/les-chambres\/habitaciones-clasicas-y-superiores\/#primaryimage"},"thumbnailUrl":"https:\/\/lespresdeugenie.com\/wp-content\/uploads\/2022\/12\/Les-pres-dEugenie-chambre-sup.jpg","datePublished":"2024-04-30T07:24:07+00:00","dateModified":"2026-04-27T15:52:55+00:00","description":"Las habitaciones cl\u00e1sicas y superiores de Les Pr\u00e9s d'Eug\u00e9nie tienen balcones con hermosas vistas. Reserve ahora su estancia.","breadcrumb":{"@id":"https:\/\/lespresdeugenie.com\/es\/les-chambres\/habitaciones-clasicas-y-superiores\/#breadcrumb"},"inLanguage":"es","potentialAction":[{"@type":"ReadAction","target":["https:\/\/lespresdeugenie.com\/es\/les-chambres\/habitaciones-clasicas-y-superiores\/"]}]},{"@type":"ImageObject","inLanguage":"es","@id":"https:\/\/lespresdeugenie.com\/es\/les-chambres\/habitaciones-clasicas-y-superiores\/#primaryimage","url":"https:\/\/lespresdeugenie.com\/wp-content\/uploads\/2022\/12\/Les-pres-dEugenie-chambre-sup.jpg","contentUrl":"https:\/\/lespresdeugenie.com\/wp-content\/uploads\/2022\/12\/Les-pres-dEugenie-chambre-sup.jpg","width":1223,"height":1007},{"@type":"BreadcrumbList","@id":"https:\/\/lespresdeugenie.com\/es\/les-chambres\/habitaciones-clasicas-y-superiores\/#breadcrumb","itemListElement":[{"@type":"ListItem","position":1,"name":"Inicio","item":"https:\/\/lespresdeugenie.com\/es\/"},{"@type":"ListItem","position":2,"name":"Habitaciones","item":"https:\/\/lespresdeugenie.com\/es\/chambres-categorie\/habitaciones\/"},{"@type":"ListItem","position":3,"name":"Habitaciones Cl\u00e1sicas y Superiores"}]},{"@type":"WebSite","@id":"https:\/\/lespresdeugenie.com\/#website","url":"https:\/\/lespresdeugenie.com\/","name":"Les Pr\u00e9s d'Eugenie - Maison Gu\u00e9rard","description":"Maison Gu\u00e9rard","publisher":{"@id":"https:\/\/lespresdeugenie.com\/#organization"},"alternateName":"LPDE","potentialAction":[{"@type":"SearchAction","target":{"@type":"EntryPoint","urlTemplate":"https:\/\/lespresdeugenie.com\/?s={search_term_string}"},"query-input":{"@type":"PropertyValueSpecification","valueRequired":true,"valueName":"search_term_string"}}],"inLanguage":"es"},{"@type":"Organization","@id":"https:\/\/lespresdeugenie.com\/#organization","name":"Les Pr\u00e9s d'Eugenie - Maison Gu\u00e9rard","url":"https:\/\/lespresdeugenie.com\/","logo":{"@type":"ImageObject","inLanguage":"es","@id":"https:\/\/lespresdeugenie.com\/#\/schema\/logo\/image\/","url":"https:\/\/lespresdeugenie.com\/wp-content\/uploads\/2022\/12\/les-pres-eugenie-logo-1.png","contentUrl":"https:\/\/lespresdeugenie.com\/wp-content\/uploads\/2022\/12\/les-pres-eugenie-logo-1.png","width":269,"height":60,"caption":"Les Pr\u00e9s d'Eugenie - Maison Gu\u00e9rard"},"image":{"@id":"https:\/\/lespresdeugenie.com\/#\/schema\/logo\/image\/"},"sameAs":["https:\/\/www.facebook.com\/LesPresdEugenie\/","https:\/\/www.instagram.com\/maisons_guerard\/?hl=fr","https:\/\/fr.linkedin.com\/company\/les-pres-d'eugenie"]}]}},"_links":{"self":[{"href":"https:\/\/lespresdeugenie.com\/es\/wp-json\/wp\/v2\/room\/79243","targetHints":{"allow":["GET"]}}],"collection":[{"href":"https:\/\/lespresdeugenie.com\/es\/wp-json\/wp\/v2\/room"}],"about":[{"href":"https:\/\/lespresdeugenie.com\/es\/wp-json\/wp\/v2\/types\/room"}],"wp:featuredmedia":[{"embeddable":true,"href":"https:\/\/lespresdeugenie.com\/es\/wp-json\/wp\/v2\/media\/83409"}],"wp:attachment":[{"href":"https:\/\/lespresdeugenie.com\/es\/wp-json\/wp\/v2\/media?parent=79243"}],"wp:term":[{"taxonomy":"chambres-categorie","embeddable":true,"href":"https:\/\/lespresdeugenie.com\/es\/wp-json\/wp\/v2\/chambres-categorie?post=79243"}],"curies":[{"name":"wp","href":"https:\/\/api.w.org\/{rel}","templated":true}]}}